{"id":25,"date":"2019-11-15T13:43:59","date_gmt":"2019-11-15T13:43:59","guid":{"rendered":"https:\/\/a-warburg-workbook.org\/?page_id=25"},"modified":"2023-01-05T19:44:18","modified_gmt":"2023-01-05T17:44:18","slug":"termine","status":"publish","type":"page","link":"http:\/\/a-warburg-workbook.org\/news\/termine","title":{"rendered":"EVENTS"},"content":{"rendered":"\n<figure class=\"wp-block-image size-large\"><img loading=\"lazy\" decoding=\"async\" width=\"1024\" height=\"376\" src=\"https:\/\/a-warburg-workbook.org\/wp-content\/uploads\/2023\/01\/220304_Markk_JosephAguilar21qs-1024x376.jpg\" alt=\"\" class=\"wp-image-4450\" srcset=\"http:\/\/a-warburg-workbook.org\/wp-content\/uploads\/2023\/01\/220304_Markk_JosephAguilar21qs-1024x376.jpg 1024w, http:\/\/a-warburg-workbook.org\/wp-content\/uploads\/2023\/01\/220304_Markk_JosephAguilar21qs-300x110.jpg 300w, http:\/\/a-warburg-workbook.org\/wp-content\/uploads\/2023\/01\/220304_Markk_JosephAguilar21qs-768x282.jpg 768w, http:\/\/a-warburg-workbook.org\/wp-content\/uploads\/2023\/01\/220304_Markk_JosephAguilar21qs-1536x564.jpg 1536w, http:\/\/a-warburg-workbook.org\/wp-content\/uploads\/2023\/01\/220304_Markk_JosephAguilar21qs-660x242.jpg 660w, http:\/\/a-warburg-workbook.org\/wp-content\/uploads\/2023\/01\/220304_Markk_JosephAguilar21qs.jpg 1545w\" sizes=\"auto, (max-width: 1024px) 100vw, 1024px\" \/><\/figure>\n\n\n\n<p class=\"has-text-align-left\"><strong>08.01.2023<\/strong> <strong>MARKK Hamburg<\/strong>  14:00 &#8211; <strong>\u00dcber den Umgang mit Aby Warburg \u2013 Sammlungen und Archivgut<\/strong>. Diskussion zur Ausstellung \u201eBlitzsymbol und Schlangentanz. Aby Warburg und die Pueblo-Kunst\u201c, MARKK gro\u00dfer H\u00f6rsaal. Es diskutieren Bill Sherman (Warburg Institute London), <strong>Joseph Aguilar <\/strong>(San Ildefonso Pueblo), Russell Sanchez (San Ildefonso Pueblo) und von den Kurator:innen der Ausstellung Christine Ch\u00e1vez \u00fcber den zuk\u00fcnftigen Umgang mit Sammlungen und Archivgut aus dem Aby Warburg-Kontext. Moderation: Barbara Plankensteiner (Direktorin MARKK). \/\/ <em><strong>January 08, 2023 MARKK Hamburg 2:00 p.m. <\/strong>&#8211; About dealing with Aby Warburg &#8211; collections and archive material. Discussion on the exhibition \u201cLightning Symbol and Snake Dance. Aby Warburg and Pueblo Art\u201d, MARKK large lecture hall. Bill Sherman (Warburg Institute London), <strong>Joseph Aguilar <\/strong>(San Ildefonso Pueblo), Russell Sanchez (San Ildefonso Pueblo) and the curators of the exhibition Christine Ch\u00e1vez will discuss the future handling of collections and archive material from the Aby Warburg context. Moderator: Barbara Plankensteiner (Director MARKK).<\/em> <a href=\"https:\/\/markk-hamburg.de\/veranstaltungen\/ausstellungs-gespraech-aby-warburg\/\" target=\"_blank\" rel=\"noreferrer noopener\">https:\/\/markk-hamburg.de\/veranstaltungen\/ausstellungs-gespraech-aby-warburg\/<\/a><\/p>\n\n\n\n<hr class=\"wp-block-separator has-css-opacity\"\/>\n\n\n\n<figure class=\"wp-block-gallery has-nested-images columns-default is-cropped wp-block-gallery-2 is-layout-flex wp-block-gallery-is-layout-flex\">\n<figure class=\"wp-block-image size-large\"><img loading=\"lazy\" decoding=\"async\" width=\"1024\" height=\"768\" data-id=\"4390\" src=\"https:\/\/a-warburg-workbook.org\/wp-content\/uploads\/2022\/11\/221101_TheNewInstitute_FelixJud_01s-1-1024x768.jpg\" alt=\"\" class=\"wp-image-4390\" srcset=\"http:\/\/a-warburg-workbook.org\/wp-content\/uploads\/2022\/11\/221101_TheNewInstitute_FelixJud_01s-1-1024x768.jpg 1024w, http:\/\/a-warburg-workbook.org\/wp-content\/uploads\/2022\/11\/221101_TheNewInstitute_FelixJud_01s-1-300x225.jpg 300w, http:\/\/a-warburg-workbook.org\/wp-content\/uploads\/2022\/11\/221101_TheNewInstitute_FelixJud_01s-1-768x576.jpg 768w, http:\/\/a-warburg-workbook.org\/wp-content\/uploads\/2022\/11\/221101_TheNewInstitute_FelixJud_01s-1-660x495.jpg 660w, http:\/\/a-warburg-workbook.org\/wp-content\/uploads\/2022\/11\/221101_TheNewInstitute_FelixJud_01s-1.jpg 1134w\" sizes=\"auto, (max-width: 1024px) 100vw, 1024px\" \/><\/figure>\n<\/figure>\n\n\n\n<p><\/p>\n\n\n\n<figure class=\"wp-block-gallery has-nested-images columns-default is-cropped wp-block-gallery-3 is-layout-flex wp-block-gallery-is-layout-flex\">\n<figure class=\"wp-block-image size-large\"><img loading=\"lazy\" decoding=\"async\" width=\"1024\" height=\"768\" data-id=\"4380\" src=\"https:\/\/a-warburg-workbook.org\/wp-content\/uploads\/2022\/11\/221101_TheNewInstitute_FelixJud_02s-1024x768.jpg\" alt=\"\" class=\"wp-image-4380\" srcset=\"http:\/\/a-warburg-workbook.org\/wp-content\/uploads\/2022\/11\/221101_TheNewInstitute_FelixJud_02s-1024x768.jpg 1024w, http:\/\/a-warburg-workbook.org\/wp-content\/uploads\/2022\/11\/221101_TheNewInstitute_FelixJud_02s-300x225.jpg 300w, http:\/\/a-warburg-workbook.org\/wp-content\/uploads\/2022\/11\/221101_TheNewInstitute_FelixJud_02s-768x576.jpg 768w, http:\/\/a-warburg-workbook.org\/wp-content\/uploads\/2022\/11\/221101_TheNewInstitute_FelixJud_02s-660x495.jpg 660w, http:\/\/a-warburg-workbook.org\/wp-content\/uploads\/2022\/11\/221101_TheNewInstitute_FelixJud_02s.jpg 1134w\" sizes=\"auto, (max-width: 1024px) 100vw, 1024px\" \/><\/figure>\n\n\n\n<figure class=\"wp-block-image size-large\"><img loading=\"lazy\" decoding=\"async\" width=\"1024\" height=\"768\" data-id=\"4379\" src=\"https:\/\/a-warburg-workbook.org\/wp-content\/uploads\/2022\/11\/221101_TheNewInstitute_FelixJud_04s-1024x768.jpg\" alt=\"\" class=\"wp-image-4379\" srcset=\"http:\/\/a-warburg-workbook.org\/wp-content\/uploads\/2022\/11\/221101_TheNewInstitute_FelixJud_04s-1024x768.jpg 1024w, http:\/\/a-warburg-workbook.org\/wp-content\/uploads\/2022\/11\/221101_TheNewInstitute_FelixJud_04s-300x225.jpg 300w, http:\/\/a-warburg-workbook.org\/wp-content\/uploads\/2022\/11\/221101_TheNewInstitute_FelixJud_04s-768x576.jpg 768w, http:\/\/a-warburg-workbook.org\/wp-content\/uploads\/2022\/11\/221101_TheNewInstitute_FelixJud_04s-660x495.jpg 660w, http:\/\/a-warburg-workbook.org\/wp-content\/uploads\/2022\/11\/221101_TheNewInstitute_FelixJud_04s.jpg 1134w\" sizes=\"auto, (max-width: 1024px) 100vw, 1024px\" \/><\/figure>\n<\/figure>\n\n\n\n<p><\/p>\n\n\n\n<figure class=\"wp-block-gallery has-nested-images columns-default is-cropped wp-block-gallery-4 is-layout-flex wp-block-gallery-is-layout-flex\">\n<figure class=\"wp-block-image size-large\"><img loading=\"lazy\" decoding=\"async\" width=\"1024\" height=\"768\" data-id=\"4393\" src=\"https:\/\/a-warburg-workbook.org\/wp-content\/uploads\/2022\/11\/221105_TheNewInstitute_FelixJud_13s-1-1024x768.jpg\" alt=\"\" class=\"wp-image-4393\" srcset=\"http:\/\/a-warburg-workbook.org\/wp-content\/uploads\/2022\/11\/221105_TheNewInstitute_FelixJud_13s-1-1024x768.jpg 1024w, http:\/\/a-warburg-workbook.org\/wp-content\/uploads\/2022\/11\/221105_TheNewInstitute_FelixJud_13s-1-300x225.jpg 300w, http:\/\/a-warburg-workbook.org\/wp-content\/uploads\/2022\/11\/221105_TheNewInstitute_FelixJud_13s-1-768x576.jpg 768w, http:\/\/a-warburg-workbook.org\/wp-content\/uploads\/2022\/11\/221105_TheNewInstitute_FelixJud_13s-1-660x495.jpg 660w, http:\/\/a-warburg-workbook.org\/wp-content\/uploads\/2022\/11\/221105_TheNewInstitute_FelixJud_13s-1.jpg 1134w\" sizes=\"auto, (max-width: 1024px) 100vw, 1024px\" \/><\/figure>\n\n\n\n<figure class=\"wp-block-image size-large\"><img loading=\"lazy\" decoding=\"async\" width=\"1024\" height=\"768\" data-id=\"4396\" src=\"https:\/\/a-warburg-workbook.org\/wp-content\/uploads\/2022\/11\/221105_TheNewInstitute_FelixJud_12s-1024x768.jpg\" alt=\"\" class=\"wp-image-4396\" srcset=\"http:\/\/a-warburg-workbook.org\/wp-content\/uploads\/2022\/11\/221105_TheNewInstitute_FelixJud_12s-1024x768.jpg 1024w, http:\/\/a-warburg-workbook.org\/wp-content\/uploads\/2022\/11\/221105_TheNewInstitute_FelixJud_12s-300x225.jpg 300w, http:\/\/a-warburg-workbook.org\/wp-content\/uploads\/2022\/11\/221105_TheNewInstitute_FelixJud_12s-768x576.jpg 768w, http:\/\/a-warburg-workbook.org\/wp-content\/uploads\/2022\/11\/221105_TheNewInstitute_FelixJud_12s-660x495.jpg 660w, http:\/\/a-warburg-workbook.org\/wp-content\/uploads\/2022\/11\/221105_TheNewInstitute_FelixJud_12s.jpg 1134w\" sizes=\"auto, (max-width: 1024px) 100vw, 1024px\" \/><\/figure>\n<\/figure>\n\n\n\n<p><\/p>\n\n\n\n<p class=\"has-text-align-center\"><strong>01.11.2022<\/strong> opening bookstore <strong>FELIX JUD <\/strong>in<strong> THE NEW INSTITUTE<\/strong> Warburg-Ensemble<\/p>\n\n\n\n<p><\/p>\n\n\n\n<hr class=\"wp-block-separator has-css-opacity\"\/>\n\n\n\n<p><strong>26.10.2022<\/strong> Vortrag im Warburg-Haus: <strong>Wirkungsmacht und Handlungsfeld. Zum Nachleben von Th\u00e9odore G\u00e9ricaults Flo\u00df der Medusa<\/strong>. Gregor Wedekind, Mainz &#8211; Vortrag anl\u00e4sslich des 93. Todestages von Aby Warburg.<\/p>\n\n\n\n<hr class=\"wp-block-separator has-css-opacity\"\/>\n\n\n\n<figure class=\"wp-block-image size-large\"><img loading=\"lazy\" decoding=\"async\" width=\"1024\" height=\"410\" src=\"https:\/\/a-warburg-workbook.org\/wp-content\/uploads\/2022\/01\/2022_Markk_Haus_Ansicht-2-1024x410.jpg\" alt=\"\" class=\"wp-image-3956\" srcset=\"http:\/\/a-warburg-workbook.org\/wp-content\/uploads\/2022\/01\/2022_Markk_Haus_Ansicht-2-1024x410.jpg 1024w, http:\/\/a-warburg-workbook.org\/wp-content\/uploads\/2022\/01\/2022_Markk_Haus_Ansicht-2-300x120.jpg 300w, http:\/\/a-warburg-workbook.org\/wp-content\/uploads\/2022\/01\/2022_Markk_Haus_Ansicht-2-768x307.jpg 768w, http:\/\/a-warburg-workbook.org\/wp-content\/uploads\/2022\/01\/2022_Markk_Haus_Ansicht-2-660x264.jpg 660w, http:\/\/a-warburg-workbook.org\/wp-content\/uploads\/2022\/01\/2022_Markk_Haus_Ansicht-2.jpg 1134w\" sizes=\"auto, (max-width: 1024px) 100vw, 1024px\" \/><\/figure>\n\n\n\n<p><strong>Freitag 04.03.2022 &#8211;<\/strong> <strong>&#8222;Blitzsymbol und Schlangentanz &#8211; Aby Warburg und die Pueblo-Kunst&#8220;<\/strong>. Erster Tag der Ausstellung im MARKK Museum am Rothenbaum. Kulturen und K\u00fcnste der Welt, Hamburg. Aktuelle Infos siehe <a href=\"https:\/\/markk-hamburg.de\">www.markk-hamburg.de<\/a>. Titel der Ausstellung nach dem neuen Buch im Hatje Cantz Verlag, siehe Link: <a href=\"https:\/\/www.hatjecantz.de\/blitzsymbol-und-schlangentanz-8154-1.html\">www.hatjecantz.de\/blitzsymbol-und-schlangentanz-8154-1.html<\/a> . Ausstellung: March 4, 2022\u2013January 8, 2023.<\/p>\n\n\n\n<p><strong>Er\u00f6ffnung Do. 03.03.2022<\/strong> abends mit Kultursenator Carsten Brosda und Bill Sherman vom Warburg Institute London.<\/p>\n\n\n\n<p><strong>Fr. 04.03. 16:00<\/strong> &#8211; Aby Warburgs Blick auf die Kunst und Kultur der Pueblo F\u00fchrung. <strong>17:00<\/strong> &#8211; Ein Kunsthistoriker auf der Suche nach symbolischer Kunst. Aby Warburg im Land der Pueblo. Kuratorenf\u00fchrung mit Uwe Fleckner. <strong>19:00<\/strong> &#8211; Chances and Challenges of Collaborative Museum Work with Pueblo Communities. Vortrag und Diskussion auf Englisch mit Dr. Joseph Aguilar, Arch\u00e4ologe New Mexico und Diskussion mit Lea S. McChesney, Albuquerque und Bill Sherman,  Warburg Institute London, Uwe Fleckner, Ausstellungskurator und Christine Ch\u00e1vez, Ausstellungskuratorin MARKK, moderiert von Barbara Plankensteiner, Direktorin MARKK.<\/p>\n\n\n\n<p><strong>Sa. 05.03. 13:00<\/strong> &#8211; Aby Warburg geht nach Nordamerika F\u00fchrung f\u00fcr Kinder und Familien. <strong>14:00<\/strong> &#8211; Zwischen Nachleben und Grenz\u00fcberschreitung &#8211; Aby Warburgs Sammlung symbolischer Pueblo-Kunst F\u00fchrung mit Kuratorin Christine Ch\u00e1vez. <strong>15:30<\/strong> The Legacy of Master Potter Nampeyo for Native American Art, Vortrag mit Lea S. McChesney.<\/p>\n\n\n\n<p><strong>So. 06.03. 11:00<\/strong> &#8211; Pfeilblitze und Wolkentreppen &#8211; Was Muster uns erz\u00e4hlen k\u00f6nnen. F\u00fchrung f\u00fcr Familien mit Kuratorin Christine Ch\u00e1vez.<strong> 13:00<\/strong> &#8211; Aby Warburg geht nach Nordamerika. F\u00fchrung f\u00fcr Kinder und Familien.<strong> 14:00<\/strong> &#8211; Aby Warburgs Blick auf die Kunst und Kultur der Pueblo. F\u00fchrung. <strong>15:30<\/strong> &#8211; Hopi Pottery in the Aby Warburg Collection, Gespr\u00e4ch mit Lea S. McChesney.<\/p>\n\n\n\n<figure class=\"wp-block-image size-large\"><img loading=\"lazy\" decoding=\"async\" width=\"859\" height=\"1024\" src=\"https:\/\/a-warburg-workbook.org\/wp-content\/uploads\/2022\/01\/2022-MARKK_Warburg-Pueblo-859x1024.jpg\" alt=\"\" class=\"wp-image-3955\" srcset=\"http:\/\/a-warburg-workbook.org\/wp-content\/uploads\/2022\/01\/2022-MARKK_Warburg-Pueblo-859x1024.jpg 859w, http:\/\/a-warburg-workbook.org\/wp-content\/uploads\/2022\/01\/2022-MARKK_Warburg-Pueblo-252x300.jpg 252w, http:\/\/a-warburg-workbook.org\/wp-content\/uploads\/2022\/01\/2022-MARKK_Warburg-Pueblo-768x916.jpg 768w, http:\/\/a-warburg-workbook.org\/wp-content\/uploads\/2022\/01\/2022-MARKK_Warburg-Pueblo-660x787.jpg 660w, http:\/\/a-warburg-workbook.org\/wp-content\/uploads\/2022\/01\/2022-MARKK_Warburg-Pueblo.jpg 951w\" sizes=\"auto, (max-width: 859px) 100vw, 859px\" \/><figcaption class=\"wp-element-caption\">photo: MARKK \u00a9 Hamburg<\/figcaption><\/figure>\n\n\n\n<p><em><strong>Friday March 04th, 2022 &#8211; &#8222;Lightning Symbol and Snake Dance &#8211; Aby Warburg and the Pueblo Art&#8220;<\/strong>. First day of the exhibition at the MARKK Museum am Rothenbaum. cultures and arts of the world, Hamburg. Current information see <a href=\"https:\/\/markk-hamburg.de\">www.markk-hamburg.de<\/a>. Title of the exhibition after the new book by Hatje Cantz Verlag, see link: <a href=\"https:\/\/www.hatjecantz.de\/blitzsymbol-und-schlangentanz-8154-1.html\">www.hatjecantz.de\/blitzsymbol-und- queuentanz-8154-1.html<\/a><\/em> . <em>Exhibition: March 4, 2022\u2013January 8, 2023.<\/em><\/p>\n\n\n\n<p><em><strong>Opening Thursday, March 3rd, 2022<\/strong> in the evening with Senator for Culture <strong>Carsten Brosda<\/strong> and <strong>Bill Sherman<\/strong> from the Warburg Institute London.<\/em><\/p>\n\n\n\n<p><em><strong>Fri. 04.03. 16:00<\/strong> &#8211; Aby Warburg&#8217;s look at the arts and culture of the Pueblo guided tour. <strong>17:00<\/strong> &#8211; An art historian in search of symbolic art. Aby Warburg in Pueblo country. Curator tour with Uwe Fleckner. <strong>19:00<\/strong> &#8211; Chances and Challenges of Collaborative Museum Work with Pueblo Communities. Lecture and discussion in English with Dr. Joseph Aguilar, archaeologist New Mexico and discussion with Lea S. McChesney, Albuquerque and Bill Sherman, Warburg Institute London, Uwe Fleckner, exhibition curator and Christine Ch\u00e1vez, exhibition curator MARKK, moderated by Barbara Plankensteiner, director MARKK.<\/em><\/p>\n\n\n\n<p><em><strong>Sat. 05.03. 13:00<\/strong> &#8211; Aby Warburg goes to North America tour for children and families. <strong>14:00<\/strong> &#8211; Between Afterlife and Crossing Boundaries &#8211; Aby Warburg&#8217;s Collection of Symbolic Pueblo Art Guided tour with curator Christine Ch\u00e1vez. <strong>15:30<\/strong> The Legacy of Master Potter Nampeyo for Native American Art, lecture with Lea S. McChesney.<\/em><\/p>\n\n\n\n<p><em><strong>Sun. 06.03. 11:00<\/strong> &#8211; Arrow Lightning and Cloud Stairs &#8211; What patterns can tell us. Guided tour for families with curator Christine Ch\u00e1vez. <strong>13:00<\/strong> &#8211; Aby Warburg heads to North America. Guided tour for children and families. <strong>14:00<\/strong> &#8211; Aby Warburg&#8217;s look at Pueblo art and culture. Guide. <strong>15:30<\/strong> &#8211; Hopi Pottery in the Aby Warburg Collection, talk with Lea S. McChesney.<\/em><\/p>\n\n\n\n<hr class=\"wp-block-separator has-css-opacity\"\/>\n\n\n\n<figure class=\"wp-block-image size-large\"><img loading=\"lazy\" decoding=\"async\" width=\"1024\" height=\"683\" src=\"https:\/\/a-warburg-workbook.org\/wp-content\/uploads\/2022\/02\/220213_MaryWarburg_ErnstBarlachHaus-1024x683.jpg\" alt=\"\" class=\"wp-image-4192\" srcset=\"http:\/\/a-warburg-workbook.org\/wp-content\/uploads\/2022\/02\/220213_MaryWarburg_ErnstBarlachHaus-1024x683.jpg 1024w, http:\/\/a-warburg-workbook.org\/wp-content\/uploads\/2022\/02\/220213_MaryWarburg_ErnstBarlachHaus-300x200.jpg 300w, http:\/\/a-warburg-workbook.org\/wp-content\/uploads\/2022\/02\/220213_MaryWarburg_ErnstBarlachHaus-768x512.jpg 768w, http:\/\/a-warburg-workbook.org\/wp-content\/uploads\/2022\/02\/220213_MaryWarburg_ErnstBarlachHaus-1536x1024.jpg 1536w, http:\/\/a-warburg-workbook.org\/wp-content\/uploads\/2022\/02\/220213_MaryWarburg_ErnstBarlachHaus-2048x1366.jpg 2048w, http:\/\/a-warburg-workbook.org\/wp-content\/uploads\/2022\/02\/220213_MaryWarburg_ErnstBarlachHaus-200x133.jpg 200w, http:\/\/a-warburg-workbook.org\/wp-content\/uploads\/2022\/02\/220213_MaryWarburg_ErnstBarlachHaus-660x440.jpg 660w\" sizes=\"auto, (max-width: 1024px) 100vw, 1024px\" \/><\/figure>\n\n\n\n<p class=\"has-text-align-left\"><strong>Mary Warburg<\/strong>, die K\u00fcnstlerin und Gattin von Aby Warburg, wird aktuell mit ihrem Werk pr\u00e4sentiert im <strong>Ernst Barlach Haus<\/strong> Hamburg. Das fr\u00fchere Atelier von Mary Warburg befand sich im Dachgeschoss des Warburg-Hauses &#8211; heute werden die R\u00e4ume als Wohnung der Warburg-Gastprofessoren genutzt. \/ <em><strong>Mary Warburg<\/strong>, the artist and wife of Aby Warburg, is currently being presented with her work in the <strong>Ernst Barlach Haus in Hamburg<\/strong>. Mary Warburg&#8217;s former studio was on the top floor of the Warburg Haus Hamburg &#8211; today the rooms are used for the Warburg visiting professors.<\/em><\/p>\n\n\n\n<hr class=\"wp-block-separator has-css-opacity\"\/>\n\n\n\n<figure class=\"wp-block-image size-large\"><img loading=\"lazy\" decoding=\"async\" width=\"1024\" height=\"679\" src=\"https:\/\/a-warburg-workbook.org\/wp-content\/uploads\/2022\/01\/1998_JohnCage_byRobBogaerts-1024x679.jpg\" alt=\"\" class=\"wp-image-3946\" srcset=\"http:\/\/a-warburg-workbook.org\/wp-content\/uploads\/2022\/01\/1998_JohnCage_byRobBogaerts-1024x679.jpg 1024w, http:\/\/a-warburg-workbook.org\/wp-content\/uploads\/2022\/01\/1998_JohnCage_byRobBogaerts-300x199.jpg 300w, http:\/\/a-warburg-workbook.org\/wp-content\/uploads\/2022\/01\/1998_JohnCage_byRobBogaerts-768x509.jpg 768w, http:\/\/a-warburg-workbook.org\/wp-content\/uploads\/2022\/01\/1998_JohnCage_byRobBogaerts-200x133.jpg 200w, http:\/\/a-warburg-workbook.org\/wp-content\/uploads\/2022\/01\/1998_JohnCage_byRobBogaerts-660x438.jpg 660w, http:\/\/a-warburg-workbook.org\/wp-content\/uploads\/2022\/01\/1998_JohnCage_byRobBogaerts.jpg 1417w\" sizes=\"auto, (max-width: 1024px) 100vw, 1024px\" \/><figcaption class=\"wp-element-caption\">John Cage 1912-1992, photo by Rob Bogaerts 1988<\/figcaption><\/figure>\n\n\n\n<p><strong>Samstag 05.02.2022 &#8211;<\/strong> Halberstadt, Burchardikirche: Klangwechsel bei <strong><a href=\"https:\/\/de.wikipedia.org\/wiki\/John_Cage\">John Cage<\/a><\/strong>s Langzeitprojekt <strong><a href=\"https:\/\/de.wikipedia.org\/wiki\/ORGAN\u00b2\/ASLSP\">\u201eOrgan2\/As Slow as Possible\u201c<\/a> <\/strong>in Halberstadt. Das auf 639 Jahre ausgelegte St\u00fcck wird seit 2001 in der dortigen Burchardikirche aufgef\u00fchrt.&nbsp;<\/p>\n\n\n\n<p><em><strong>Saturday February 5th, 2022<\/strong> &#8211; Halberstadt, Burchardikirche: sound change at <strong><a href=\"https:\/\/de.wikipedia.org\/wiki\/John_Cage\">John Cage<\/a><\/strong>\u00b4s long-term project <strong><a href=\"https:\/\/de.wikipedia.org\/wiki\/ORGAN\u00b2\/ASLSP\">&#8222;Organ2\/As Slow as Possible&#8220;<\/a><\/strong> in Halberstadt. The play, designed for 639 years, has been performed in the Burchardi Church there since 2001.<\/em><\/p>\n\n\n\n<hr class=\"wp-block-separator has-css-opacity\"\/>\n\n\n\n<figure class=\"wp-block-gallery has-nested-images columns-default is-cropped wp-block-gallery-5 is-layout-flex wp-block-gallery-is-layout-flex\">\n<figure class=\"wp-block-image size-large\"><img loading=\"lazy\" decoding=\"async\" width=\"1024\" height=\"666\" data-id=\"2918\" src=\"https:\/\/a-warburg-workbook.org\/wp-content\/uploads\/2021\/12\/211210_A-WaWoBo_SaS2021web-1-1024x666.jpg\" alt=\"\" class=\"wp-image-2918\" srcset=\"http:\/\/a-warburg-workbook.org\/wp-content\/uploads\/2021\/12\/211210_A-WaWoBo_SaS2021web-1-1024x666.jpg 1024w, http:\/\/a-warburg-workbook.org\/wp-content\/uploads\/2021\/12\/211210_A-WaWoBo_SaS2021web-1-300x195.jpg 300w, http:\/\/a-warburg-workbook.org\/wp-content\/uploads\/2021\/12\/211210_A-WaWoBo_SaS2021web-1-768x499.jpg 768w, http:\/\/a-warburg-workbook.org\/wp-content\/uploads\/2021\/12\/211210_A-WaWoBo_SaS2021web-1-660x429.jpg 660w, http:\/\/a-warburg-workbook.org\/wp-content\/uploads\/2021\/12\/211210_A-WaWoBo_SaS2021web-1.jpg 1417w\" sizes=\"auto, (max-width: 1024px) 100vw, 1024px\" \/><\/figure>\n<\/figure>\n\n\n\n<p>Wie bereits im letzten Jahr, wird unsere traditionelle Feier <strong>&#8222;Suppe am Sofa&#8220;<\/strong> Pandemie-bedingt nicht als gemeinsames Festessen stattfinden k\u00f6nnen, leider. Aber es wird trotzdem gekocht, die K\u00fcchencrew ist doppelt geimpft und geboostert, um in Gedenken an Martin Warnke 12.10.1937 &#8211; 11.12.2019 unser Essen auch im Jubil\u00e4umsjahr &gt; 5! &lt; anbieten zu k\u00f6nnen. Die Schutzgeb\u00fchr pro Suppe \/ T\u00fcte betr\u00e4gt \u20ac 5,- , der Erl\u00f6s wird an Wikipedia gespendet. \/\/ <em>As in the previous year, our traditional celebration <strong>&#8222;Soup on the sofa&#8220;<\/strong> will unfortunately not be able to take place as a joint celebratory meal due to the pandemic. But it is still cooked, the kitchen crew is double vaccinated and boosted, in memory of Martin Warnke 12.10.1937 &#8211; 11.12.2019 our lunch in the anniversary year &gt; 5! &lt; to be able to offer. The nominal fee per soup \/ bag is \u20ac 5, the proceeds will be donated to Wikipedia.<\/em><\/p>\n\n\n\n<hr class=\"wp-block-separator has-css-opacity\"\/>\n\n\n\n<p><strong>10.12.2021<\/strong> Aufgrund der Entwicklung der pandemischen Lage, werden am wir am 10.12.2021 bei <strong>&#8222;Suppe am Sofa&#8220;<\/strong> das Angebot f\u00fcr den <strong>take-away-service &#8222;Suppe irgendwo&#8220;<\/strong> mit Lunch-Bags ausweiten, damit m\u00f6glichst viele aus der <strong>A-Warburg-Workbook-Community<\/strong> in den Genuss eines <strong>&#8222;SaS-Pakets&#8220;<\/strong> kommen. Kontakt &amp; Bestellungen bitte via E-Mail an thies@ibold.com, Stichwort &#8222;SaS&#8220; &#8211; danke!\/\/ <em>Due to the development of the pandemic situation, on December 10th, 2021 at <strong>&#8222;Soup on the sofa&#8220;<\/strong> we will expand the offer for the <strong>take-away service &#8222;Soup somewhere&#8220;<\/strong> with lunch bags, so that as many as possible from the A-Warburg-Workbook- Community can benefit from a <strong>&#8222;SaS package&#8220;<\/strong><\/em>. <em>Please contact &amp; order via email to thies@ibold.com, keyword &#8222;SaS&#8220; &#8211; thank you!<\/em><\/p>\n\n\n\n<figure class=\"wp-block-image size-large\"><img loading=\"lazy\" decoding=\"async\" width=\"724\" height=\"1024\" src=\"https:\/\/a-warburg-workbook.org\/wp-content\/uploads\/2021\/11\/211210-SuppeAmSofa2021web-724x1024.jpg\" alt=\"\" class=\"wp-image-2464\" srcset=\"http:\/\/a-warburg-workbook.org\/wp-content\/uploads\/2021\/11\/211210-SuppeAmSofa2021web-724x1024.jpg 724w, http:\/\/a-warburg-workbook.org\/wp-content\/uploads\/2021\/11\/211210-SuppeAmSofa2021web-212x300.jpg 212w, http:\/\/a-warburg-workbook.org\/wp-content\/uploads\/2021\/11\/211210-SuppeAmSofa2021web-768x1086.jpg 768w, http:\/\/a-warburg-workbook.org\/wp-content\/uploads\/2021\/11\/211210-SuppeAmSofa2021web-1086x1536.jpg 1086w, http:\/\/a-warburg-workbook.org\/wp-content\/uploads\/2021\/11\/211210-SuppeAmSofa2021web-1448x2048.jpg 1448w, http:\/\/a-warburg-workbook.org\/wp-content\/uploads\/2021\/11\/211210-SuppeAmSofa2021web-660x933.jpg 660w, http:\/\/a-warburg-workbook.org\/wp-content\/uploads\/2021\/11\/211210-SuppeAmSofa2021web-scaled.jpg 1810w\" sizes=\"auto, (max-width: 724px) 100vw, 724px\" \/><\/figure>\n\n\n\n<p><strong>10.12.2021 <\/strong>Freitag mittags: <strong>Suppe am Sofa 2021<\/strong> &#8211; mittags von 12:30 bis 14:30. Zu Ehren von <strong><a href=\"https:\/\/de.wikipedia.org\/wiki\/Martin_Warnke_(Kunsthistoriker)\">Martin Warnke<\/a><\/strong> 12.10.1938&nbsp; &#8211; 11.12.2019. Bei Interesse bitte anmelden per E-Mail: thies@ibold.com &#8211; Stichwort: SuS, danke! \/\/ <em><strong>Soup on the sofa 2021 on Friday 10.12.2021<\/strong>, noon from 12:30 to 14:30. In honor of <strong><a href=\"https:\/\/en.wikipedia.org\/wiki\/Martin_Warnke\">Martin Warnke<\/a><\/strong> October 12, 1938 &#8211; December 11, 2019. If you are interested, please register by email: thies@ibold.com &#8211; keyword: SaS, thank you!<\/em><\/p>\n\n\n\n<hr class=\"wp-block-separator has-css-opacity\"\/>\n\n\n\n<p><strong>10.12.2021 <\/strong>&#8211; Warburg-Haus Hamburg, 19:00, Vortrag: &#8222;Text-Bild-Textur. Zu den \u00bbSpinnerinnen\u00ab von Diego Vel\u00e1zquez&#8220;. <strong><a href=\"https:\/\/de.wikipedia.org\/wiki\/Victor_Stoichi\u021b\u0103\">Victor I. Stoichita<\/a><\/strong> &#8211; Wissenschaftspreistr\u00e4ger der Aby-Warburg-Stiftung 2020 und sechster Tr\u00e4ger der Martin Warnke-Medaille. Veranstalter: Universit\u00e4t Hamburg und Aby-Warburg-Stiftung. \/\/ <em>December 10th, 2021 &#8211; Warburg-Haus Hamburg, 7:00 p.m., Lecture:<\/em> &#8222;<em>Text-Bild-Textur. Zu den \u00bbSpinnerinnen\u00ab von Diego Vel\u00e1zquez&#8220;. <strong><a href=\"https:\/\/de.wikipedia.org\/wiki\/Victor_Stoichi\u021b\u0103\">Victor I. Stoichita<\/a><\/strong> &#8211; winner of the 2020 Aby Warburg Foundation Science Prize and sixth recipient of the Martin Warnke Medal. Organizer: University of Hamburg and Aby Warburg Foundation.<\/em><\/p>\n\n\n\n<hr class=\"wp-block-separator has-css-opacity\"\/>\n\n\n\n<figure class=\"wp-block-image size-large\"><a href=\"https:\/\/www.academia.edu\/61698096\/LECTURES_Salvatore_Settis_presenta_Incursioni_Arte_contemporanea_e_tradizione_Feltrinelli_2020_In_dialogo_con_Monica_Centanni_Prato_25_November_2021_h_18_00_?auto=download&amp;email_work_card=download-paper\"><img loading=\"lazy\" decoding=\"async\" width=\"1024\" height=\"655\" src=\"https:\/\/a-warburg-workbook.org\/wp-content\/uploads\/2021\/11\/211118_LECTURES_Salvatore_Settis_Prato-1024x655.jpg\" alt=\"\" class=\"wp-image-2489\" srcset=\"http:\/\/a-warburg-workbook.org\/wp-content\/uploads\/2021\/11\/211118_LECTURES_Salvatore_Settis_Prato-1024x655.jpg 1024w, http:\/\/a-warburg-workbook.org\/wp-content\/uploads\/2021\/11\/211118_LECTURES_Salvatore_Settis_Prato-300x192.jpg 300w, http:\/\/a-warburg-workbook.org\/wp-content\/uploads\/2021\/11\/211118_LECTURES_Salvatore_Settis_Prato-768x491.jpg 768w, http:\/\/a-warburg-workbook.org\/wp-content\/uploads\/2021\/11\/211118_LECTURES_Salvatore_Settis_Prato-1536x983.jpg 1536w, http:\/\/a-warburg-workbook.org\/wp-content\/uploads\/2021\/11\/211118_LECTURES_Salvatore_Settis_Prato-2048x1310.jpg 2048w, http:\/\/a-warburg-workbook.org\/wp-content\/uploads\/2021\/11\/211118_LECTURES_Salvatore_Settis_Prato-660x422.jpg 660w\" sizes=\"auto, (max-width: 1024px) 100vw, 1024px\" \/><\/a><figcaption class=\"wp-element-caption\"><a href=\"https:\/\/www.academia.edu\/61698096\/LECTURES_Salvatore_Settis_presenta_Incursioni_Arte_contemporanea_e_tradizione_Feltrinelli_2020_In_dialogo_con_Monica_Centanni_Prato_25_November_2021_h_18_00_?auto=download&amp;email_work_card=download-paper\">https:\/\/www.academia.edu\/61698096\/LECTURES_Salvatore_Settis_presenta_Incursioni_Arte_contemporanea_e_tradizione_Feltrinelli_2020_In_dialogo_con_Monica_Centanni_Prato_25_November_2021_h_18_00_?auto=download&amp;email_work_card=download-paper<\/a><\/figcaption><\/figure>\n\n\n\n<hr class=\"wp-block-separator has-css-opacity\"\/>\n\n\n\n<p><strong>25.11.2021 ab 18:00<\/strong>, Prato bei Florenz &#8211; &#8222;<a href=\"https:\/\/de.wikipedia.org\/wiki\/Salvatore_Settis\">Salvatore Settis<\/a> pr\u00e4sentiert: \u00dcberf\u00e4lle. Zeitgen\u00f6ssische Kunst und Tradition (Feltrinelli, 2020), im Gespr\u00e4ch mit <a href=\"https:\/\/it.wikipedia.org\/wiki\/Monica_Centanni\">Monica Centanni<\/a>&#8222;.  \/\/<em> <strong>25.11.2021 from 6:00 p.m.<\/strong>, Prato near Florence &#8211; &#8222;Salvatore Settis presents: Raids. Contemporary art and tradition (Feltrinelli, 2020), in conversation with <a href=\"https:\/\/it.wikipedia.org\/wiki\/Monica_Centanni\">Monica Centanni<\/a>&#8222;<\/em>. \/\/ <strong>25\/11\/2021 dalle 18:00, Prato &#8211; &#8222;<a href=\"https:\/\/it.wikipedia.org\/wiki\/Salvatore_Settis\">Salvatore Settis<\/a> presenta: Incursioni. Arte contemporanea e tradizione (Feltrinelli, 2020). In dialogo con <a href=\"https:\/\/it.wikipedia.org\/wiki\/Monica_Centanni\">Monica Centanni<\/a>&#8222;<\/strong>.<\/p>\n\n\n\n<figure class=\"wp-block-image size-large\"><a href=\"https:\/\/centropecci.it\"><img loading=\"lazy\" decoding=\"async\" width=\"1024\" height=\"681\" src=\"https:\/\/a-warburg-workbook.org\/wp-content\/uploads\/2021\/11\/2019_Centro_Pecci_by_Michela.Osteri-1024x681.jpg\" alt=\"\" class=\"wp-image-2493\" srcset=\"http:\/\/a-warburg-workbook.org\/wp-content\/uploads\/2021\/11\/2019_Centro_Pecci_by_Michela.Osteri-1024x681.jpg 1024w, http:\/\/a-warburg-workbook.org\/wp-content\/uploads\/2021\/11\/2019_Centro_Pecci_by_Michela.Osteri-300x200.jpg 300w, http:\/\/a-warburg-workbook.org\/wp-content\/uploads\/2021\/11\/2019_Centro_Pecci_by_Michela.Osteri-768x511.jpg 768w, http:\/\/a-warburg-workbook.org\/wp-content\/uploads\/2021\/11\/2019_Centro_Pecci_by_Michela.Osteri-200x133.jpg 200w, http:\/\/a-warburg-workbook.org\/wp-content\/uploads\/2021\/11\/2019_Centro_Pecci_by_Michela.Osteri-660x439.jpg 660w, http:\/\/a-warburg-workbook.org\/wp-content\/uploads\/2021\/11\/2019_Centro_Pecci_by_Michela.Osteri.jpg 1417w\" sizes=\"auto, (max-width: 1024px) 100vw, 1024px\" \/><\/a><figcaption class=\"wp-element-caption\"><a href=\"https:\/\/centropecci.it\">Centro Pecci<\/a>, Prato near Florence &#8211; photo: Michaela Osteri, 2019<\/figcaption><\/figure>\n\n\n\n<hr class=\"wp-block-separator has-css-opacity\"\/>\n\n\n\n<figure class=\"wp-block-image size-large\"><img loading=\"lazy\" decoding=\"async\" width=\"1024\" height=\"681\" src=\"https:\/\/a-warburg-workbook.org\/wp-content\/uploads\/2021\/11\/image-1.jpeg\" alt=\"\" class=\"wp-image-2507\" srcset=\"http:\/\/a-warburg-workbook.org\/wp-content\/uploads\/2021\/11\/image-1.jpeg 1024w, http:\/\/a-warburg-workbook.org\/wp-content\/uploads\/2021\/11\/image-1-300x200.jpeg 300w, http:\/\/a-warburg-workbook.org\/wp-content\/uploads\/2021\/11\/image-1-768x511.jpeg 768w, http:\/\/a-warburg-workbook.org\/wp-content\/uploads\/2021\/11\/image-1-200x133.jpeg 200w, http:\/\/a-warburg-workbook.org\/wp-content\/uploads\/2021\/11\/image-1-660x439.jpeg 660w\" sizes=\"auto, (max-width: 1024px) 100vw, 1024px\" \/><\/figure>\n\n\n\n<figure class=\"wp-block-gallery has-nested-images columns-default is-cropped wp-block-gallery-6 is-layout-flex wp-block-gallery-is-layout-flex\">\n<figure class=\"wp-block-image size-large\"><img loading=\"lazy\" decoding=\"async\" width=\"1024\" height=\"683\" data-id=\"2501\" src=\"https:\/\/a-warburg-workbook.org\/wp-content\/uploads\/2021\/11\/211109-KBW-Sykora-644xss-1024x683.jpg\" alt=\"\" class=\"wp-image-2501\" srcset=\"http:\/\/a-warburg-workbook.org\/wp-content\/uploads\/2021\/11\/211109-KBW-Sykora-644xss-1024x683.jpg 1024w, http:\/\/a-warburg-workbook.org\/wp-content\/uploads\/2021\/11\/211109-KBW-Sykora-644xss-300x200.jpg 300w, http:\/\/a-warburg-workbook.org\/wp-content\/uploads\/2021\/11\/211109-KBW-Sykora-644xss-768x512.jpg 768w, http:\/\/a-warburg-workbook.org\/wp-content\/uploads\/2021\/11\/211109-KBW-Sykora-644xss-200x133.jpg 200w, http:\/\/a-warburg-workbook.org\/wp-content\/uploads\/2021\/11\/211109-KBW-Sykora-644xss-660x440.jpg 660w, http:\/\/a-warburg-workbook.org\/wp-content\/uploads\/2021\/11\/211109-KBW-Sykora-644xss.jpg 1400w\" sizes=\"auto, (max-width: 1024px) 100vw, 1024px\" \/><\/figure>\n\n\n\n<figure class=\"wp-block-image size-large\"><img loading=\"lazy\" decoding=\"async\" width=\"683\" height=\"1024\" data-id=\"2503\" src=\"https:\/\/a-warburg-workbook.org\/wp-content\/uploads\/2021\/11\/211109-KBW-Sykora-712xss-683x1024.jpg\" alt=\"\" class=\"wp-image-2503\" srcset=\"http:\/\/a-warburg-workbook.org\/wp-content\/uploads\/2021\/11\/211109-KBW-Sykora-712xss-683x1024.jpg 683w, http:\/\/a-warburg-workbook.org\/wp-content\/uploads\/2021\/11\/211109-KBW-Sykora-712xss-200x300.jpg 200w, http:\/\/a-warburg-workbook.org\/wp-content\/uploads\/2021\/11\/211109-KBW-Sykora-712xss-768x1151.jpg 768w, http:\/\/a-warburg-workbook.org\/wp-content\/uploads\/2021\/11\/211109-KBW-Sykora-712xss-660x989.jpg 660w, http:\/\/a-warburg-workbook.org\/wp-content\/uploads\/2021\/11\/211109-KBW-Sykora-712xss.jpg 934w\" sizes=\"auto, (max-width: 683px) 100vw, 683px\" \/><\/figure>\n<\/figure>\n\n\n\n<figure class=\"wp-block-gallery has-nested-images columns-default is-cropped wp-block-gallery-7 is-layout-flex wp-block-gallery-is-layout-flex\">\n<figure class=\"wp-block-image size-large\"><img loading=\"lazy\" decoding=\"async\" width=\"1024\" height=\"681\" data-id=\"2510\" src=\"https:\/\/a-warburg-workbook.org\/wp-content\/uploads\/2021\/11\/211109-KBW-Sykora-869xss-1-1024x681.jpg\" alt=\"\" class=\"wp-image-2510\" srcset=\"http:\/\/a-warburg-workbook.org\/wp-content\/uploads\/2021\/11\/211109-KBW-Sykora-869xss-1-1024x681.jpg 1024w, http:\/\/a-warburg-workbook.org\/wp-content\/uploads\/2021\/11\/211109-KBW-Sykora-869xss-1-300x200.jpg 300w, http:\/\/a-warburg-workbook.org\/wp-content\/uploads\/2021\/11\/211109-KBW-Sykora-869xss-1-768x511.jpg 768w, http:\/\/a-warburg-workbook.org\/wp-content\/uploads\/2021\/11\/211109-KBW-Sykora-869xss-1-200x133.jpg 200w, http:\/\/a-warburg-workbook.org\/wp-content\/uploads\/2021\/11\/211109-KBW-Sykora-869xss-1-660x439.jpg 660w, http:\/\/a-warburg-workbook.org\/wp-content\/uploads\/2021\/11\/211109-KBW-Sykora-869xss-1.jpg 1400w\" sizes=\"auto, (max-width: 1024px) 100vw, 1024px\" \/><\/figure>\n\n\n\n<figure class=\"wp-block-image size-large\"><img loading=\"lazy\" decoding=\"async\" width=\"1024\" height=\"681\" data-id=\"2511\" src=\"https:\/\/a-warburg-workbook.org\/wp-content\/uploads\/2021\/11\/211109-KBW-Sykora-817xss-2-1024x681.jpg\" alt=\"\" class=\"wp-image-2511\" srcset=\"http:\/\/a-warburg-workbook.org\/wp-content\/uploads\/2021\/11\/211109-KBW-Sykora-817xss-2-1024x681.jpg 1024w, http:\/\/a-warburg-workbook.org\/wp-content\/uploads\/2021\/11\/211109-KBW-Sykora-817xss-2-300x200.jpg 300w, http:\/\/a-warburg-workbook.org\/wp-content\/uploads\/2021\/11\/211109-KBW-Sykora-817xss-2-768x511.jpg 768w, http:\/\/a-warburg-workbook.org\/wp-content\/uploads\/2021\/11\/211109-KBW-Sykora-817xss-2-200x133.jpg 200w, http:\/\/a-warburg-workbook.org\/wp-content\/uploads\/2021\/11\/211109-KBW-Sykora-817xss-2-660x439.jpg 660w, http:\/\/a-warburg-workbook.org\/wp-content\/uploads\/2021\/11\/211109-KBW-Sykora-817xss-2.jpg 1400w\" sizes=\"auto, (max-width: 1024px) 100vw, 1024px\" \/><\/figure>\n<\/figure>\n\n\n\n<p><strong>09.11.2021<\/strong> Warburg-Haus Hamburg: Verleihung des Wissenschaftspreises der <strong>Aby-Warburg-Stiftung<\/strong> 2021&nbsp;an&nbsp;<a href=\"https:\/\/de.wikipedia.org\/wiki\/Katharina_Sykora\"><strong>Katharina Sykora<\/strong><\/a>&nbsp;und ihrem Festvortrag:&nbsp;Fraktur. Weiblichkeit, der gebrochene Blick und das Nachleben der Shoah bei Boris Lurie.<em> \/\/ <strong>November 9th, 2021<\/strong> Warburg-Haus Hamburg: Science Award of the <strong>Aby-Warburg-Foundation<\/strong> 2021 to <a href=\"https:\/\/de.wikipedia.org\/wiki\/Katharina_Sykora\"><strong>Katharina Sykora<\/strong><\/a> and her keynote lecture: Fraktur. Femininity, the broken look and the afterlife of the Shoah with Boris Lurie. <\/em><\/p>\n\n\n\n<figure class=\"wp-block-image size-large\"><img loading=\"lazy\" decoding=\"async\" width=\"1024\" height=\"681\" src=\"https:\/\/a-warburg-workbook.org\/wp-content\/uploads\/2021\/11\/211109-T-Bornplatz-02xss-1024x681.jpg\" alt=\"\" class=\"wp-image-2514\" srcset=\"http:\/\/a-warburg-workbook.org\/wp-content\/uploads\/2021\/11\/211109-T-Bornplatz-02xss-1024x681.jpg 1024w, http:\/\/a-warburg-workbook.org\/wp-content\/uploads\/2021\/11\/211109-T-Bornplatz-02xss-300x200.jpg 300w, http:\/\/a-warburg-workbook.org\/wp-content\/uploads\/2021\/11\/211109-T-Bornplatz-02xss-768x511.jpg 768w, http:\/\/a-warburg-workbook.org\/wp-content\/uploads\/2021\/11\/211109-T-Bornplatz-02xss-200x133.jpg 200w, http:\/\/a-warburg-workbook.org\/wp-content\/uploads\/2021\/11\/211109-T-Bornplatz-02xss-660x439.jpg 660w, http:\/\/a-warburg-workbook.org\/wp-content\/uploads\/2021\/11\/211109-T-Bornplatz-02xss.jpg 1400w\" sizes=\"auto, (max-width: 1024px) 100vw, 1024px\" \/><\/figure>\n\n\n\n<p>09.11.2021 Nach der Veranstaltung im Warburg-Haus fand anl\u00e4sslich der <strong><a href=\"https:\/\/de.wikipedia.org\/wiki\/Novemberpogrome_1938\">Reichspogromnacht<\/a><\/strong> ein stilles Gedenken auf dem Born-Platz am Grindel statt.<em> \/\/ November 9th, 2021 after the event in the Warburg Haus Hamburg, on the occasion of the <a href=\"https:\/\/en.wikipedia.org\/wiki\/Kristallnacht\">Reichspogromnacht<\/a><\/em> <em>(Kristallnacht), a silent commemoration took place on Born-Platz in the Grindel district.<\/em><\/p>\n\n\n\n<hr class=\"wp-block-separator has-css-opacity\"\/>\n\n\n\n<figure class=\"wp-block-image size-large\"><img loading=\"lazy\" decoding=\"async\" width=\"1024\" height=\"762\" src=\"https:\/\/a-warburg-workbook.org\/wp-content\/uploads\/2021\/04\/210419-Bundeskunsthalle-close72a-1-1024x762.jpg\" alt=\"\" class=\"wp-image-2104\" srcset=\"http:\/\/a-warburg-workbook.org\/wp-content\/uploads\/2021\/04\/210419-Bundeskunsthalle-close72a-1-1024x762.jpg 1024w, http:\/\/a-warburg-workbook.org\/wp-content\/uploads\/2021\/04\/210419-Bundeskunsthalle-close72a-1-300x223.jpg 300w, http:\/\/a-warburg-workbook.org\/wp-content\/uploads\/2021\/04\/210419-Bundeskunsthalle-close72a-1-768x572.jpg 768w, http:\/\/a-warburg-workbook.org\/wp-content\/uploads\/2021\/04\/210419-Bundeskunsthalle-close72a-1-660x491.jpg 660w, http:\/\/a-warburg-workbook.org\/wp-content\/uploads\/2021\/04\/210419-Bundeskunsthalle-close72a-1.jpg 1162w\" sizes=\"auto, (max-width: 1024px) 100vw, 1024px\" \/><\/figure>\n\n\n\n<p><strong>19. April 2021:<\/strong> die Bundeskunsthalle in <strong>Bonn schlie\u00dft erneut<\/strong> pandemiebedingt, somit auch die Ausstellung &#8222;Aby Warburg &#8211; Bilderatlas Mnemosyne Atlas &#8211; das Original&#8220;. \/ <em><strong>April 19, 2021:<\/strong> the Bundeskunsthalle in <strong>Bonn closes again<\/strong> due to the pandemic, thus also the exhibition &#8222;Aby Warburg &#8211; Mnemosyne Atlas &#8211; the original&#8220;.<\/em><\/p>\n\n\n\n<p>Somit ist nicht auszuschlie\u00dfen, dass die Er\u00f6ffnung der Ausstellung in der Sammlung Falckenberg \/ Deichtorhallen in Hamburg erneut verschoben wird. \/<em> It cannot therefore be ruled out that the opening of the exhibition in the Falckenberg \/ Deichtorhallen Collection in Hamburg will be postponed again.<\/em><\/p>\n\n\n\n<div class=\"wp-block-columns is-layout-flex wp-container-core-columns-is-layout-9d6595d7 wp-block-columns-is-layout-flex\">\n<div class=\"wp-block-column is-layout-flow wp-block-column-is-layout-flow\" style=\"flex-basis:100%\">\n<p class=\"has-text-align-center\">_____________<\/p>\n\n\n\n<p class=\"has-text-align-center\"><strong><mark>Ausstellung &#8211; Aby Warburg BILDERATLAS MNEMOSYNE Das Original &#8211; Exhibition<\/mark><\/strong> <\/p>\n\n\n\n<p class=\"has-text-align-center\"><strong>Aktuell geplante Ausstellungstermine f\u00fcr 2021 in Bonn, Hamburg und Norditalien \/ <em>Currently planned exhibition dates for 2021 in Bonn, Hamburg and Northern Italy<\/em><\/strong><\/p>\n\n\n\n<p class=\"has-text-align-center\">_____________<\/p>\n\n\n\n<p class=\"has-text-align-center\"><strong><mark>Hamburg, Germany: 21.08. &#8211; 31.10.2021 &#8211; Sammlung Falckenberg, Deichtorhallen<\/mark><\/strong><\/p>\n\n\n\n<figure class=\"wp-block-image size-large\"><img loading=\"lazy\" decoding=\"async\" width=\"1024\" height=\"768\" src=\"https:\/\/a-warburg-workbook.org\/wp-content\/uploads\/2021\/03\/2103-A-WaWoBo-Sammlung-Falckenberg72-1024x768.jpg\" alt=\"\" class=\"wp-image-1730\" srcset=\"http:\/\/a-warburg-workbook.org\/wp-content\/uploads\/2021\/03\/2103-A-WaWoBo-Sammlung-Falckenberg72-1024x768.jpg 1024w, http:\/\/a-warburg-workbook.org\/wp-content\/uploads\/2021\/03\/2103-A-WaWoBo-Sammlung-Falckenberg72-300x225.jpg 300w, http:\/\/a-warburg-workbook.org\/wp-content\/uploads\/2021\/03\/2103-A-WaWoBo-Sammlung-Falckenberg72-768x576.jpg 768w, http:\/\/a-warburg-workbook.org\/wp-content\/uploads\/2021\/03\/2103-A-WaWoBo-Sammlung-Falckenberg72-660x495.jpg 660w, http:\/\/a-warburg-workbook.org\/wp-content\/uploads\/2021\/03\/2103-A-WaWoBo-Sammlung-Falckenberg72.jpg 1134w\" sizes=\"auto, (max-width: 1024px) 100vw, 1024px\" \/><\/figure>\n\n\n\n<p class=\"has-text-align-center\">Sammlung Falckenberg \/ Deichtorhallen, Hamburg-Harburg, Wilsdorferstr. 71, www.sammlung-falckenberg.de<\/p>\n\n\n\n<p class=\"has-text-align-center\">______________<\/p>\n\n\n\n<p class=\"has-text-align-center\"><strong><mark>Bonn, Germany: 09.03. &#8211; 25.07.2021 &#8211; Bundeskunsthalle, Bonn<\/mark><\/strong><\/p>\n\n\n\n<figure class=\"wp-block-image size-large\"><img loading=\"lazy\" decoding=\"async\" width=\"1024\" height=\"785\" src=\"https:\/\/a-warburg-workbook.org\/wp-content\/uploads\/2021\/02\/die-bundeskunsthalle-von-oben-1024x785.jpg\" alt=\"\" class=\"wp-image-782\" srcset=\"http:\/\/a-warburg-workbook.org\/wp-content\/uploads\/2021\/02\/die-bundeskunsthalle-von-oben-1024x785.jpg 1024w, http:\/\/a-warburg-workbook.org\/wp-content\/uploads\/2021\/02\/die-bundeskunsthalle-von-oben-300x230.jpg 300w, http:\/\/a-warburg-workbook.org\/wp-content\/uploads\/2021\/02\/die-bundeskunsthalle-von-oben-768x589.jpg 768w, http:\/\/a-warburg-workbook.org\/wp-content\/uploads\/2021\/02\/die-bundeskunsthalle-von-oben-660x506.jpg 660w, http:\/\/a-warburg-workbook.org\/wp-content\/uploads\/2021\/02\/die-bundeskunsthalle-von-oben.jpg 1134w\" sizes=\"auto, (max-width: 1024px) 100vw, 1024px\" \/><\/figure>\n\n\n\n<p style=\"text-align: center;\"><strong>Update 03.03.2021<\/strong>: Die <span style=\"background-color: #ffff00;\"><strong>Bundeskunsthalle Bonn<\/strong> <\/span>ist Pandemie-bedingt bis zum 07.03.2021 geschlossen. Die Aby Warburg-Ausstellung in Bonn ist ge\u00f6ffnet und findet statt vom&nbsp;<span style=\"background-color: #ffff00;\"><strong>09.03. bis 25.07.2021<\/strong><\/span>&nbsp;. <em><strong>Update March 3th, 2021:<\/strong> Due to the pandemic, the <strong>Bundeskunsthalle Bonn <\/strong>is closed until March 7th, 2021. The Aby Warburg exhibition in Bonn is open and will take place&nbsp;<span class=\"JLqJ4b ChMk0b\" data-language-for-alternatives=\"en\" data-language-to-translate-into=\"de\" data-phrase-index=\"1\"><span style=\"background-color: #ffff00;\"><strong>March 9th<\/strong><\/span><\/span><\/em><em><span class=\"JLqJ4b ChMk0b\" data-language-for-alternatives=\"en\" data-language-to-translate-into=\"de\" data-phrase-index=\"1\"><span style=\"background-color: #ffff00;\"><strong>&nbsp;&#8211; July 25th, 2021<\/strong><\/span>&nbsp;.<\/span><\/em><\/p>\n\n\n\n<figure class=\"wp-block-image size-large\"><img loading=\"lazy\" decoding=\"async\" width=\"1024\" height=\"576\" src=\"https:\/\/a-warburg-workbook.org\/wp-content\/uploads\/2021\/02\/aby-warburg-HKW-C87A3488-720p-1024x576.jpg\" alt=\"\" class=\"wp-image-783\" srcset=\"http:\/\/a-warburg-workbook.org\/wp-content\/uploads\/2021\/02\/aby-warburg-HKW-C87A3488-720p-1024x576.jpg 1024w, http:\/\/a-warburg-workbook.org\/wp-content\/uploads\/2021\/02\/aby-warburg-HKW-C87A3488-720p-300x169.jpg 300w, http:\/\/a-warburg-workbook.org\/wp-content\/uploads\/2021\/02\/aby-warburg-HKW-C87A3488-720p-768x432.jpg 768w, http:\/\/a-warburg-workbook.org\/wp-content\/uploads\/2021\/02\/aby-warburg-HKW-C87A3488-720p-660x371.jpg 660w, http:\/\/a-warburg-workbook.org\/wp-content\/uploads\/2021\/02\/aby-warburg-HKW-C87A3488-720p.jpg 1134w\" sizes=\"auto, (max-width: 1024px) 100vw, 1024px\" \/><\/figure>\n\n\n\n<p style=\"text-align: center;\">Ank\u00fcndigung \/&nbsp;<em>announcement<\/em> : &nbsp;&nbsp;<\/p>\n<p style=\"text-align: center;\"><strong>Bundeskunsthalle Bonn<\/strong><\/p>\n<p style=\"text-align: center;\">26. Februar 2021 bis 23. Mai 2021.<\/p>\n<h2 style=\"text-align: center;\">ABY WARBURG:&nbsp;BILDERATLAS MNEMOSYNE &#8211;&nbsp;DAS ORIGINAL<\/h2>\n<p style=\"text-align: center;\">Museumsmeile Bonn,&nbsp;Helmut-Kohl-Allee 4,&nbsp;D -53113 Bonn.<\/p>\n<p style=\"text-align: center;\">Aktuelle Infos \/ <em>actual infos:<\/em> www.bundeskunsthalle.de\/ausstellungen\/index.html<\/p>\n<\/div>\n<\/div>\n\n\n\n<p>It is therefore possible that the opening of the exhibition in the collection Falkenberg \/ Deichtorhallen in Hamburg shifts again. \/<\/p>\n\n\n\n<figure class=\"wp-block-image size-large\"><img loading=\"lazy\" decoding=\"async\" width=\"1024\" height=\"583\" src=\"https:\/\/a-warburg-workbook.org\/wp-content\/uploads\/2021\/04\/2104-BonnaufdemDach72-1024x583.jpg\" alt=\"\" class=\"wp-image-1855\" srcset=\"http:\/\/a-warburg-workbook.org\/wp-content\/uploads\/2021\/04\/2104-BonnaufdemDach72-1024x583.jpg 1024w, http:\/\/a-warburg-workbook.org\/wp-content\/uploads\/2021\/04\/2104-BonnaufdemDach72-300x171.jpg 300w, http:\/\/a-warburg-workbook.org\/wp-content\/uploads\/2021\/04\/2104-BonnaufdemDach72-768x438.jpg 768w, http:\/\/a-warburg-workbook.org\/wp-content\/uploads\/2021\/04\/2104-BonnaufdemDach72-660x376.jpg 660w, http:\/\/a-warburg-workbook.org\/wp-content\/uploads\/2021\/04\/2104-BonnaufdemDach72.jpg 1134w\" sizes=\"auto, (max-width: 1024px) 100vw, 1024px\" \/><\/figure>\n\n\n\n<figure class=\"wp-block-image size-large\"><img loading=\"lazy\" decoding=\"async\" width=\"1024\" height=\"768\" src=\"https:\/\/a-warburg-workbook.org\/wp-content\/uploads\/2021\/04\/2104-A-WaWoBo-BonnerGenAnzeiger-1024x768.jpg\" alt=\"\" class=\"wp-image-1816\" srcset=\"http:\/\/a-warburg-workbook.org\/wp-content\/uploads\/2021\/04\/2104-A-WaWoBo-BonnerGenAnzeiger-1024x768.jpg 1024w, http:\/\/a-warburg-workbook.org\/wp-content\/uploads\/2021\/04\/2104-A-WaWoBo-BonnerGenAnzeiger-300x225.jpg 300w, http:\/\/a-warburg-workbook.org\/wp-content\/uploads\/2021\/04\/2104-A-WaWoBo-BonnerGenAnzeiger-768x576.jpg 768w, http:\/\/a-warburg-workbook.org\/wp-content\/uploads\/2021\/04\/2104-A-WaWoBo-BonnerGenAnzeiger-660x495.jpg 660w, http:\/\/a-warburg-workbook.org\/wp-content\/uploads\/2021\/04\/2104-A-WaWoBo-BonnerGenAnzeiger.jpg 1134w\" sizes=\"auto, (max-width: 1024px) 100vw, 1024px\" \/><\/figure>\n\n\n\n<p class=\"has-text-align-center\">Werbung f\u00fcr die Ausstellung, Anzeige im Bonner Generalanzeiger, 13.+14. M\u00e4rz 2021  \/ <em>Advertisement for the exhibition, in the Bonner Generalanzeiger, 13. + 14. March 2021<\/em>. Photo: Karen Michels.<\/p>\n\n\n\n<hr class=\"wp-block-separator has-css-opacity\"\/>\n\n\n<div class=\"wp-block-image\">\n<figure class=\"aligncenter size-large\"><img loading=\"lazy\" decoding=\"async\" width=\"1024\" height=\"684\" src=\"https:\/\/a-warburg-workbook.org\/wp-content\/uploads\/2021\/01\/2101-A-WaWoSpace-Sofa-4Cb-72-1024x684.jpg\" alt=\"\" class=\"wp-image-593\" srcset=\"http:\/\/a-warburg-workbook.org\/wp-content\/uploads\/2021\/01\/2101-A-WaWoSpace-Sofa-4Cb-72-1024x684.jpg 1024w, http:\/\/a-warburg-workbook.org\/wp-content\/uploads\/2021\/01\/2101-A-WaWoSpace-Sofa-4Cb-72-300x200.jpg 300w, http:\/\/a-warburg-workbook.org\/wp-content\/uploads\/2021\/01\/2101-A-WaWoSpace-Sofa-4Cb-72-768x513.jpg 768w, http:\/\/a-warburg-workbook.org\/wp-content\/uploads\/2021\/01\/2101-A-WaWoSpace-Sofa-4Cb-72-200x133.jpg 200w, http:\/\/a-warburg-workbook.org\/wp-content\/uploads\/2021\/01\/2101-A-WaWoSpace-Sofa-4Cb-72-660x441.jpg 660w, http:\/\/a-warburg-workbook.org\/wp-content\/uploads\/2021\/01\/2101-A-WaWoSpace-Sofa-4Cb-72.jpg 1417w\" sizes=\"auto, (max-width: 1024px) 100vw, 1024px\" \/><figcaption class=\"wp-element-caption\">Hallo hochgesch\u00e4tzte <strong>A-Warburg-Workbook-Community<\/strong>,<br>liebe Mitstreiterinnen und Mitstreiter!<br><strong>Alles Gute f\u00fcr das neue Jahr 2021<\/strong> &#8211; m\u00f6ge es inspirierend, kurzweilig, gesund und <br>wieder mit mehr direkten Begegnungen gl\u00e4nzen! \/<br><em>Hello, esteemed <strong>A Warburg Workbook Community<\/strong>,<\/em><br><em>dear fellow campaigners!<\/em><br><em><strong>All the best for the new year 2021<\/strong> &#8211; may it be inspiring, entertaining, healthy and<\/em><br><em>with more direct encounters again!<\/em><br><\/figcaption><\/figure><\/div>\n\n\n<table style=\"border-collapse: collapse; width: 102.93057145743535%; height: 4541px;\">\n<tbody>\n<tr style=\"height: 1005px;\">\n<td style=\"width: 20.172413793103445%; height: 1005px;\">\n<p>11.12.2020<\/p>\n<p>&nbsp;<\/p>\n<\/td>\n<td style=\"width: 82.75862068965517%; height: 1005px;\">\n<ol>\n<li><strong>Todestag von Martin Warnke.&nbsp;<em>1st anniversary of Martin Warnke&#8217;s death.<\/em><\/strong><\/li>\n<li><b>Suppe am Sofa, Weihnachtsfeier 2020 hybrid &#8211; <\/b><span style=\"color: #ff0000;\">Achtung: siehe neue Infos unter &#8222;NEWS \/ DIARY&#8220; auf diesen Seiten, danke!<\/span><b>&nbsp; \/\/&nbsp;<\/b><i style=\"font-weight: bold;\">Soup by the Sofa, Friday 11.12.2020, Christmas party 2020 in Studio Thies Ibold, Hamburg-Altona. <\/i><span style=\"font-weight: bold; color: #ff0000;\"><i>Attention: please&nbsp;have a l<\/i><\/span><span style=\"color: #ff0000;\"><span style=\"caret-color: #ff0000; font-weight: 600;\"><i>ook<\/i><\/span><\/span><span style=\"font-weight: bold; color: #ff0000;\"><i>&nbsp;on the &#8222;NEWS \/ DIARY&#8220; <span style=\"font-weight: bold; color: #ff0000;\">pages<\/span>&nbsp;for&nbsp;<\/i><\/span><span style=\"color: #ff0000;\"><span style=\"caret-color: #ff0000;\"><b><i>actual informations, thanks!<\/i><\/b><\/span><\/span><\/li>\n<\/ol>\n<p>Traditionell feiern wir im lockeren Kreis von Freunden des Warburg-Hauses eine kleine Weihnachtsfeier an dem Sofa, das \u00fcber 20 Jahre im Warburg-Haus stand, seit einigen Jahren im Studio verweilt und das Buchcover schm\u00fcckt. Der Termin f\u00e4llt dieses Jahr auf einen besonderen Tag, den Todestag von Martin Warnke, 12.10.1937 &#8211; 11.12.2019, der h\u00e4ufig im Studio zu Gast war und an &#8222;Suppe am Sofa&#8220; teilnahm. Wir bitten um Anmeldung an thies@ibold.com, weil aufgrund der aktuellen Bestimmungen gegen die Ausbreitung von Covid-19 die Teilnehmerzahl begrenzt ist, danke! Noch sind einige Pl\u00e4tze frei. Gekocht wird vegan &#8211; Essen und Trinken ist f\u00fcr die Teilnehmer kostenlos. Wir freuen uns auf rege Teilnahme und interessante Gespr\u00e4che, vermutlich ganz im Sinne von Martin Warnke, der die Bedeutung des Sofas stets betonte. &nbsp;\/ &nbsp;<em>Traditionally, we celebrate a small Christmas party with some friends of the Warburg Haus Hamburg near by the sofa that has stood in the Warburg Haus for over 20 years, has lingered in the studio and adorns the cover of A-Warburg-Workbook. This year the date falls on a special day, the anniversary of the death of Martin Warnke, 12.10.1937 &#8211; 11.12.2019, who was a guest in the studio several times and took part in &#8222;Soup on the sofa&#8220;. We ask you to register at thies@ibold.com, because the number of participants is limited due to the current regulations against the spread of Covid-19, thank you! There are still some places available for participants. The cooking is vegan &#8211; eating and drinking is free of charge. We look forward to active participation and interesting conversations, probably in the spirit of Martin Warnke, who always emphasized the importance of the sofa.<\/em><\/p>\n<\/td>\n<\/tr>\n<tr style=\"height: 281px;\">\n<td style=\"width: 20.172413793103445%; height: 281px;\">27.10.2020<\/td>\n<td style=\"width: 82.75862068965517%; height: 281px;\">\n<p><strong>91. Todestag von Aby Warburg.&nbsp;<\/strong>Online-Vortrag aus dem Warburg-Haus: Ursula Frohne, M\u00fcnster: Bilderstr\u00f6me. Vernetzte Bildordnungen im Zeitalter des digitalen Apriori &nbsp; \/ &nbsp;<strong><em>91st anniversary of Aby Warburg&#8217;s death.&nbsp;<\/em><\/strong><em>Online lecture from the Warburg House: Ursula Frohne, M\u00fcnster: Streams of Images. Networked image orders in the age of the digital a priori<\/em><\/p>\n<\/td>\n<\/tr>\n<tr style=\"height: 197px;\">\n<td style=\"width: 20.172413793103445%; height: 197px;\">26.10.2020<\/td>\n<td style=\"width: 82.75862068965517%; height: 197px;\">\n<p><b>Verleihung Aby Warburg Preis der Hansestadt Hamburg an Georges Didi-Hubermann<\/b>, Gro\u00dfer&nbsp;Festsaal&nbsp;des Hamburger Rathauses<b> &nbsp;\/ &nbsp;<em>Awarding of the Aby Warburg Prize by the Hanseatic City of Hamburg to Georges Didi-Hubermann, <\/em><\/b><em>Great Ballroom of Hamburg City Hall<\/em><\/p>\n<p><span style=\"color: #ff0000;\"><strong>Achtung:<\/strong> Nach Auskunft vom 05.10.2020 der Beh\u00f6rde f\u00fcr Kultur und Medien wird die Preisverleihung wegen der COVID-19-Pandemie auf Juni 2021 verschoben &nbsp;\/ &nbsp; <em><strong>Attention please:<\/strong><\/em>&nbsp;<em>According to information from the Authority for Culture and Media from October 5, 2020, the award ceremony will be postponed to June 2021 due to the COVID-19 pandemic.<\/em><\/span><\/p>\n<\/td>\n<\/tr>\n<tr style=\"height: 311px;\">\n<td style=\"width: 20.172413793103445%; height: 311px;\">25.09.2020<\/td>\n<td style=\"width: 82.75862068965517%; height: 311px;\">\n<p><strong>Gedenktafel f\u00fcr Martin Warnke<\/strong>, Enth\u00fcllung am langj\u00e4hrigen Wohnhaus im Mittelweg 26 in Hamburg, mit&nbsp;<span style=\"font-size: inherit; font-family: inherit;\">Peter Hess (Organisator, Initiator),<\/span>&nbsp;Dr. Carsten Brosda (Kultursenator), Prof. Dr. Matthias Bormuth und Prof. Dr. Horst Bredekamp &nbsp;\/ &nbsp;<em><strong>Commemorative plaque for Martin Warnke,<\/strong> unveiling at the long-standing house at Mittelweg 26 in Hamburg, with Peter Hess (organizer, initiator), Dr. Carsten Brosda (Senator for Culture), Prof. Dr. Matthias Bormuth and Prof. Dr. Horst Bredekamp.<\/em><\/p>\n<\/td>\n<\/tr>\n<tr style=\"height: 253px;\">\n<td style=\"width: 20.172413793103445%; height: 253px;\">25.09. + 26.09.2020<\/td>\n<td style=\"width: 82.75862068965517%; height: 253px;\">\n<p><b>HKW Haus der Kulturen der Welt, Berlin. Konferenz: Bilderatlas Mnemosyne.&nbsp;<\/b>Die Konferenz wird aufgezeichnet und ist im Nachgang in der HKW-Mediathek verf\u00fcgbar &#8211; www.hkw.de &nbsp;\/ &nbsp;<em><strong>HKW Haus der Kulturen der Welt, Berlin. Conference: Mnemosyne picture atlas.<\/strong>&nbsp;The conference will be recorded and will be available afterwards in the HKW media library &#8211; www.hkw.de.<\/em><\/p>\n<\/td>\n<\/tr>\n<tr style=\"height: 225px;\">\n<td style=\"width: 20.172413793103445%; height: 226px;\">04.09. &#8211; 30.11.2020<\/td>\n<td style=\"width: 82.75862068965517%; height: 226px;\">\n<p><b>Aby Warburg &#8211; Bilderatlas Mnemosyne.&nbsp;<\/b>Ausstellung. HKW Haus der Kulturen der Welt, Berlin &#8211; www.hkw.de &nbsp;\/ <em><b>Aby Warburg &#8211; Bilderatlas Mnemosyne. Exhibition.&nbsp;<\/b>HKW Haus der Kulturen der Welt, Berlin &#8211; www.hkw.de<\/em><\/p>\n<\/td>\n<\/tr>\n<tr style=\"height: 810px;\">\n<td style=\"width: 20.172413793103445%; height: 810px;\">24.03.2020<\/td>\n<td style=\"width: 82.75862068965517%; height: 810px;\">\n<p><strong>Wie geht es weiter mit A Warburg Workbook?<\/strong>&nbsp;Auch wenn geplante Aktivit\u00e4ten vor Ort am The Warburg Institute London, Columbia University NY und&nbsp;Getty Research Center LA aktuell verschoben sind, geht es mit der Konzeption einer Fotoausstellung, neuen Pr\u00e4sentationsformen des Projekts und der Arbeit an dem&nbsp;ausstehenden Kapitel 05 weiter. Zudem hatten wir im Zuge der Pr\u00e4sentationen in der Galerie Renate Kammer und im Museum f\u00fcr Kunst und Gewerbe&nbsp;Hamburg (dem Geb\u00e4ude, in dem einst Aby Warburg zur Schule ging!) bereits mit der Konzeption von Workshop-Formaten zum Thema begonnen und entwickeln weiter, testen diese und werden bald 3 Varianten f\u00fcr Kultur, Wissenschaft und Wirtschaft anbieten k\u00f6nnen. <strong>Halten sie Ausschau nach: A-WaWoWo &#8211; A Warburg Workbook Workshops!<\/strong>&nbsp; \/ &nbsp;<em><strong>What&#8217;s next with A Warburg Workbook<\/strong>? Even though planned activities on site at The Warburg Institute London, Columbia University NY and Getty Research Center LA are currently postponed, the conception of a photo exhibition, new forms of presentation of the project and work on the outstanding chapter 05 continues. In addition, in the course of the presentations in the Galerie Renate Kammer and in the Museum for Art and Trade Hamburg (the building in which Aby Warburg once went to school!) we had already started with the conception of workshop formats on the subject and are developing further these and soon will be able to offer 3 variants for culture, science and economy. <strong>Look out for: A-WaWoWo &#8211; A Warburg Workbook Workshops!<\/strong><\/em><\/p>\n<\/td>\n<\/tr>\n<tr style=\"height: 225px;\">\n<td style=\"width: 20.172413793103445%; height: 225px;\">05.03.2020<\/td>\n<td style=\"width: 82.75862068965517%; height: 225px;\">\n<p>Rund um das Buch <strong>A Warburg Workbook<\/strong>: Veranstaltung im Museum f\u00fcr Kunst und Gewerbe Hamburg, Bucerius Bibliothek, Sammlung Buchkunst. Beginn 19.00h \/ <em>All about the book <strong>A Warburg Workbook<\/strong>: Event at the Museum of Art and Trades Hamburg, Bucerius Library, Book Art Collection. Start: 7 p.m.<\/em><\/p>\n<\/td>\n<\/tr>\n<tr style=\"height: 309px;\">\n<td style=\"width: 20.172413793103445%; height: 309px;\">04.02.2020<\/td>\n<td style=\"width: 82.75862068965517%; height: 309px;\">\n<p>Galerie Renate Kammer, Kunst und Architektur, M\u00fcnzplatz 11, 20097 Hamburg: Buchpr\u00e4sentation von <strong>A Warburg Workbook <\/strong>mit PD Dr. Karen Michels Thies Ibold, in Gedenken an Martin Warnke 12.10.1937 &#8211; 11.12.2019. Beginn 19.00h \/ <i>Renate Kammer Gallery, Art and Architecture, M\u00fcnzplatz 11, D &#8211; 20097 Hamburg: Book presentation of <\/i><strong style=\"font-style: italic;\">A Warburg Workbook<\/strong><i>&nbsp;, with PD Dr. Karen Michels and Thies Ibold, in memory of Martin Warnke October 12, 1937 &#8211; December 11, 2019.&nbsp;Start: 7 p.m.<\/i><\/p>\n<\/td>\n<\/tr>\n<tr style=\"height: 114px;\">\n<td style=\"width: 20.172413793103445%; height: 114px;\">20.12.2019<\/td>\n<td style=\"width: 82.75862068965517%; height: 114px;\">\n<p>Trauerfeier Martin Warnke, Halle a.d. Saale \/ <em>Funeral Martin Warnke, Halle a.d. Saale<\/em><\/p>\n<\/td>\n<\/tr>\n<tr style=\"height: 84px;\">\n<td style=\"width: 20.172413793103445%; height: 84px;\">13.12.2019<\/td>\n<td style=\"width: 82.75862068965517%; height: 84px;\">\n<p>Erste Buchpr\u00e4sentation f\u00fcr das Team und Freunde des Projekts \/ <em>First book presentation for the team and friends of the project.&nbsp;<\/em>Ort<em> \/<\/em> <em>Location<\/em>: Studio Thies Ibold, Hamburg<\/p>\n<\/td>\n<\/tr>\n<tr style=\"height: 23px;\">\n<td style=\"width: 20.172413793103445%; height: 23px;\">12.12.2019<\/td>\n<td style=\"width: 82.75862068965517%; height: 23px;\">\n<p>Pressekonferenz <strong>A Warburg Workbook<\/strong> \/ <i>Press Conference <strong>A Warburg Workbook<\/strong>.&nbsp;<\/i>Ort<em> \/<\/em> <em>Location<\/em>: Studio Thies Ibold, Hamburg<\/p>\n<\/td>\n<\/tr>\n<tr style=\"height: 86px;\">\n<td style=\"width: 20.172413793103445%; height: 86px;\">11.12.2019<\/td>\n<td style=\"width: 82.75862068965517%; height: 86px;\">\n<p><strong>Prof. Dr. Martin Warnke. 12.10.1937 &#8211; 11.12.2019.<\/strong><\/p>\n<\/td>\n<\/tr>\n<tr style=\"height: 253px;\">\n<td style=\"width: 20.172413793103445%; height: 253px;\">08.12.2019<\/td>\n<td style=\"width: 82.75862068965517%; height: 253px;\">\n<p>Zu Besuch bei Martin Warnke mit dem ersten <strong>A Warburg Workbook<\/strong>. 2 Stunden Begutachtung. MW: &#8222;Es ist ein Kompendium der Zusammenkunft von Geistesgr\u00f6\u00dfen. Sehr gut gelungen. Herzlichen Gl\u00fcckwunsch!&#8220; &nbsp;\/ <em>Visiting Martin Warnke with the first <strong>A Warburg Workbook<\/strong>. 2 hour assessment. MW: &#8222;It is a compendium of the gathering of great people. Very well done. Congratulations!&#8220;<\/em><\/p>\n<\/td>\n<\/tr>\n<tr style=\"height: 364px;\">\n<td style=\"width: 20.172413793103445%; height: 364px;\">28.11.2019<\/td>\n<td style=\"width: 82.75862068965517%; height: 364px;\">\n<p>Der Andruck des Buchs <strong>A Warburg Workbook<\/strong> ist fertig. Fahrt direkt zu Martin Warnke nach Halle a.d. Saale. Vor Ort genaue Betrachtung aller Seiten mit Diskussion, 3 Stunden. MW.: &#8222;Das Buch wird die Betrachtung des Warburg-Hauses neu ordnen und inspirieren. Es passt so gut in die Innovationskultur der Bibliothek Warburg&#8220;. \/ <em>The proof of the book <strong>A Warburg Workbook<\/strong> is finished. Drive directly to Martin Warnke in Halle a.d. Saale. On-site inspection of all pages with discussion, full 3 hours. MW .: &#8222;The book will rearrange and inspire the view of the Warburg House. It fits so well into the innovation culture of the Warburg Library&#8220;<\/em><\/p>\n<\/td>\n<\/tr>\n<\/tbody>\n<\/table>\n\n\n\n<figure class=\"wp-block-image size-large\"><img loading=\"lazy\" decoding=\"async\" width=\"1024\" height=\"522\" src=\"https:\/\/a-warburg-workbook.org\/wp-content\/uploads\/2021\/04\/2104-A-WaWoBa-Caps-100x50-72-1-1024x522.jpg\" alt=\"\" class=\"wp-image-1901\" srcset=\"http:\/\/a-warburg-workbook.org\/wp-content\/uploads\/2021\/04\/2104-A-WaWoBa-Caps-100x50-72-1-1024x522.jpg 1024w, http:\/\/a-warburg-workbook.org\/wp-content\/uploads\/2021\/04\/2104-A-WaWoBa-Caps-100x50-72-1-300x153.jpg 300w, http:\/\/a-warburg-workbook.org\/wp-content\/uploads\/2021\/04\/2104-A-WaWoBa-Caps-100x50-72-1-768x391.jpg 768w, http:\/\/a-warburg-workbook.org\/wp-content\/uploads\/2021\/04\/2104-A-WaWoBa-Caps-100x50-72-1-660x336.jpg 660w, http:\/\/a-warburg-workbook.org\/wp-content\/uploads\/2021\/04\/2104-A-WaWoBa-Caps-100x50-72-1.jpg 1417w\" sizes=\"auto, (max-width: 1024px) 100vw, 1024px\" \/><\/figure>\n\n\n\n<p><\/p>\n","protected":false},"excerpt":{"rendered":"<p>08.01.2023 MARKK Hamburg 14:00 &#8211; \u00dcber den Umgang mit Aby Warburg \u2013 Sammlungen und Archivgut. Diskussion zur Ausstellung \u201eBlitzsymbol und&hellip; <a class=\"read-more\" href=\"http:\/\/a-warburg-workbook.org\/news\/termine\">Weiterlesen <span class=\"screen-reader-text\">EVENTS<\/span><\/a><\/p>\n","protected":false},"author":1,"featured_media":0,"parent":0,"menu_order":0,"comment_status":"closed","ping_status":"closed","template":"","meta":{"ngg_post_thumbnail":0,"footnotes":""},"class_list":["post-25","page","type-page","status-publish","hentry"],"jetpack_sharing_enabled":true,"_links":{"self":[{"href":"http:\/\/a-warburg-workbook.org\/news\/wp-json\/wp\/v2\/pages\/25","targetHints":{"allow":["GET"]}}],"collection":[{"href":"http:\/\/a-warburg-workbook.org\/news\/wp-json\/wp\/v2\/pages"}],"about":[{"href":"http:\/\/a-warburg-workbook.org\/news\/wp-json\/wp\/v2\/types\/page"}],"author":[{"embeddable":true,"href":"http:\/\/a-warburg-workbook.org\/news\/wp-json\/wp\/v2\/users\/1"}],"replies":[{"embeddable":true,"href":"http:\/\/a-warburg-workbook.org\/news\/wp-json\/wp\/v2\/comments?post=25"}],"version-history":[{"count":191,"href":"http:\/\/a-warburg-workbook.org\/news\/wp-json\/wp\/v2\/pages\/25\/revisions"}],"predecessor-version":[{"id":4458,"href":"http:\/\/a-warburg-workbook.org\/news\/wp-json\/wp\/v2\/pages\/25\/revisions\/4458"}],"wp:attachment":[{"href":"http:\/\/a-warburg-workbook.org\/news\/wp-json\/wp\/v2\/media?parent=25"}],"curies":[{"name":"wp","href":"https:\/\/api.w.org\/{rel}","templated":true}]}}