{"id":825,"date":"2021-02-15T17:31:53","date_gmt":"2021-02-15T17:31:53","guid":{"rendered":"https:\/\/a-warburg-workbook.org\/?page_id=825"},"modified":"2022-11-07T18:53:25","modified_gmt":"2022-11-07T16:53:25","slug":"reviews","status":"publish","type":"page","link":"http:\/\/a-warburg-workbook.org\/news\/reviews","title":{"rendered":"REVIEWS"},"content":{"rendered":"\n<p class=\"has-text-align-center\"><\/p>\n\n\n\n<p class=\"has-text-align-center\">____________<\/p>\n\n\n\n<p>Rezension zum Buch \/ <em>Review of the book<\/em> <strong>A Warburg Workbook<\/strong> :<\/p>\n\n\n\n<figure class=\"wp-block-image size-large\"><img loading=\"lazy\" decoding=\"async\" width=\"1024\" height=\"768\" src=\"https:\/\/a-warburg-workbook.org\/wp-content\/uploads\/2021\/03\/210201-A-WaWoBo-ZVHG-Cover-72-1024x768.jpg\" alt=\"\" class=\"wp-image-1610\" srcset=\"http:\/\/a-warburg-workbook.org\/wp-content\/uploads\/2021\/03\/210201-A-WaWoBo-ZVHG-Cover-72-1024x768.jpg 1024w, http:\/\/a-warburg-workbook.org\/wp-content\/uploads\/2021\/03\/210201-A-WaWoBo-ZVHG-Cover-72-300x225.jpg 300w, http:\/\/a-warburg-workbook.org\/wp-content\/uploads\/2021\/03\/210201-A-WaWoBo-ZVHG-Cover-72-768x576.jpg 768w, http:\/\/a-warburg-workbook.org\/wp-content\/uploads\/2021\/03\/210201-A-WaWoBo-ZVHG-Cover-72-1536x1152.jpg 1536w, http:\/\/a-warburg-workbook.org\/wp-content\/uploads\/2021\/03\/210201-A-WaWoBo-ZVHG-Cover-72-660x495.jpg 660w, http:\/\/a-warburg-workbook.org\/wp-content\/uploads\/2021\/03\/210201-A-WaWoBo-ZVHG-Cover-72.jpg 1701w\" sizes=\"auto, (max-width: 1024px) 100vw, 1024px\" \/><\/figure>\n\n\n\n<p>Zeitschrift des <strong><a href=\"https:\/\/de.wikipedia.org\/wiki\/Verein_f\u00fcr_Hamburgische_Geschichte\">Vereins f\u00fcr Hamburgische Geschichte<\/a><\/strong>  VHG, Band 106 &#8211; Jahrbuch 2020, von Angela Graf, erschienen im Januar 2021 \/ <em>Review from: Journal of the <strong>Association for Hamburg History<\/strong> VHG, Volume 106 &#8211; Yearbook 2020, by Angela Graf, published in January 2021.<\/em> ISSN 0083-5587. <a href=\"http:\/\/www.vfhg.de\">www.vfhg.de<\/a> .<\/p>\n\n\n\n<div class=\"wp-block-file\"><a href=\"https:\/\/a-warburg-workbook.org\/wp-content\/uploads\/2021\/03\/2021-A-WaWoBo-Rezension-VHG-B106s.pdf\">2021-A-WaWoBo-Rezension-VHG-B106s<\/a><a href=\"https:\/\/a-warburg-workbook.org\/wp-content\/uploads\/2021\/03\/2021-A-WaWoBo-Rezension-VHG-B106s.pdf\" class=\"wp-block-file__button\" download>Herunterladen<\/a><\/div>\n\n\n\n<p class=\"has-text-align-center\">____________<\/p>\n\n\n\n<p><span style=\"color: #99cc00;\"><b>Stimmen zum Buchprojekt \/ <\/b><\/span><em style=\"color: #99cc00; font-weight: bold;\">Comments on the book project<\/em><span style=\"color: #99cc00;\"><b>&nbsp;A Warburg Workbook: <span style=\"color: #000000;\">Martin&nbsp;<\/span><\/b><span style=\"caret-color: #99cc00; font-weight: 600; color: #000000;\">Warnke<\/span><b>&nbsp;<\/b><\/span><span style=\"color: #000000;\">&nbsp;&#8211; Halle a.d. &nbsp;Saale, &nbsp;08. 12. 2019<\/span><\/p>\n<p><span style=\"color: #99cc00;\">\u00bbEs ist ein Kompendium der Zusammenkunft von Geistesgr\u00f6\u00dfen. <strong>Sehr gut gelungen. Herzlichen Gl\u00fcckwunsch!<\/strong>\u00ab<\/span><\/p>\n<p><em><span style=\"color: #99cc00;\">\u00bbIt is a compendium of the gathering of great people. <strong>Very well done. Congratulations!<\/strong><i>\u00ab<\/i><\/span><\/em><\/p>\n<p>Zu Besuch am 08. Dezember bei <strong>Martin Warnke<\/strong> (12. Oktober 1937 &#8211; 11. Dezember 2019) mit dem ersten&nbsp;<strong>A Warburg Workbook<\/strong>, ein Spiegelbild des Lebenswerks von Martin Warnke. 2 Stunden Begutachtung. A Warburg Workbook war das letzte Buch, das Martin Warnke in den H\u00e4nden hatte. Seine Tochter Philine und Thies Ibold hielten ihm das Buch auf seinen Wusch 120 Minuten lang, damit er es Seite f\u00fcr Seite in Ruhe studieren konnte &nbsp;\/&nbsp;<em> Visiting <strong>Martin Warnke<\/strong> on December 8th (October 12th, 1937 &#8211; December 11th, 2019) with the first <strong>A Warburg Workbook<\/strong><\/em><em>,&nbsp;<\/em><em>a reflection of Martin Warnke&#8217;s life&#8217;s work.&nbsp;2 hours of assessment. A Warburg Workbook was the last book that Martin Warnke had in his hands. His daughter Philine and Thies Ibold held the book for him at his request for 120 minutes so that he could study it page by page in peace.<\/em><\/p>\n\n\n\n<p class=\"has-text-align-center\">____________<\/p>\n\n\n\n<p>Artikel zum <strong>Aby Warburg Preis 2020<\/strong> und Rezension A Warburg Workbook von <strong>Heike Linde-Lembke<\/strong> im Newsletter \/ <em>Article on the <strong>Aby Warburg Prize 2020<\/strong> and A Warburg Workbook review by <strong>Heike Linde-Lembke<\/strong> in the newsletter<\/em><\/p>\n\n\n\n<p><mark><em>newsletter <\/em><strong>CHAVERIM &#8211; Freunde Israels<\/strong> &#8211; Hamburg, Donnerstag, 27. August 2020.<br><strong>Georges Didi-Huberman erh\u00e4lt den Aby Warburg Preis<\/strong>. <strong>Hamburg ehrt den franz\u00f6sischen Philosophen und Kunsthistoriker f\u00fcr sein Lebenswerk<\/strong>.<\/mark><br>Von Heike Linde-Lembke<br>HAMBURG. Der Senat zeichnet den franz\u00f6sischen Kunsthistoriker und Philosophen Georges Didi-Huberman f\u00fcr sein Lebenswerk mit dem mit 25.000 Euro dotierten Aby Warburg Preis der Hansestadt Hamburg aus. Das hat die Jury unter Vorsitz von Professor Bill Sherman entschieden, Direktor des Warburg Instituts in London. Nur wenige Forscherinnen und Forscher besch\u00e4ftigen sich derzeit so intensiv und innovativ mit Aby Warburg und dessen Verm\u00e4chtnis, wie der an der \u00c9cole des hautes \u00e9tudes en sciences sociales in Paris lehrende Georges Didi-Huberman. Der Aby Warburg Preis wird alle vier Jahre an eine Pers\u00f6nlichkeit aus Wissenschaft oder Kultur verliehen. Den F\u00f6rderpreis in H\u00f6he von 10.000 Euro erh\u00e4lt Dr. Kathrin Rottmann, die unter anderem an der Universit\u00e4t Hamburg forscht und lehrt. Die Auszeichnungen werden am 26. Oktober, dem Todestag Aby Warburgs, im Gro\u00dfen Festsaal des Hamburger Rathauses verliehen. &nbsp; Die Hansestadt Hamburg verdankt seinem j\u00fcdischen B\u00fcrger Aby Moritz Warburg immens viel. Er wurde 1866 in Hamburg geboren, wo er auch am 26. Oktober 1929 starb. Heute z\u00e4hlt Aby Warburg zu den einflussreichsten Kunsthistorikern des 20. Jahrhunderts. Sein Denken sprengte die Grenzen der wissenschaftlichen Disziplinen und seine Forschung etablierte die Ikonologie als kunstwissenschaftliche Methode. Aby M. Warburg gilt heute als einer der Gr\u00fcnder der modernen Kunst- und Kulturwissenschaften. Seine Heimatstadt hat Aby Warburg nicht nur das Warburg-Haus an der Heilwigstra\u00dfe zu danken. Sondern auch den Aufbau der Warburg-Bibliothek f\u00fcr Kulturwissenschaft, das Planetarium im Stadtpark \u2013 und das Mitwirken am Aufbau der Hamburger Universit\u00e4t vor exakt 100 Jahren, zu deren Professor der Hamburger Senat ihn berief. Von 1924 bis 1929 erarbeitete Aby M.Warburg den Mnemosyne-Atlas, der Bilderreihen und die Bildersammlung zur Geschichte von Sternglaube und Sternkunde beinhaltete, die 1930 im Planetarium ausgestellt wurde. 1926 schlie\u00dflich bezog Aby M. Warburg das Warburg-Haus an der Heilwigstr. 116 und richtete dort seine ber\u00fchmte Bibliothek im Rundbau mit Kuppel ein, durch die von oben Tageslicht einstr\u00f6mte. Die urspr\u00fcngliche Warburg-Bibliothek hat jedoch den Kulturbruch des NS-Regimes nicht \u00fcberlebt. 1933 emigrierte die Kulturwissenschaftliche Bibliothek Warburg nach London. Der nichtj\u00fcdische Schwiegersohn Aby Warburgs verkaufte das Anwesen 1935. <\/p>\n\n\n\n<p><strong>A Warburg Workbook<\/strong> &#8211; Schuf Aby Moritz Warburg den Mnemsyne-Atlas, so erarbeitete Thies Ibold mit seinem Buch einen Atlas \u00fcber die Architektur des Warburg-Hauses. \u201eDas Buch soll Fragen stellen, anregen, das Haus weiter zu entwickeln, es soll zum Denken provozieren und das Warburg-Haus f\u00fcr die Zukunft \u00f6ffnen\u201c, sagt Thies Ibold. Der Fotograf ist derart von Leben, Werk und Haus Aby Warburgs fasziniert, dass er das komplette, gro\u00dfformatige Buch \u201eaus Enthusiasmus selbst finanziert\u201c hat. Wobei seine Mitautorinnnen und Mitautoren auf ein Honorar verzichtet haben. Einer von ihnen ist der Kunsthistoriker Martin Warnke, promovierter Professor der Hamburger Universit\u00e4t und Leibniz-Preistr\u00e4ger, der einen Tag vor Erscheinen des Buches im Alter von 82 Jahren gestorben ist. \u201eIch konnte ihm das Buch noch zeigen, ohne ihn w\u00e4re es nie entstanden\u201c, sagt Thies Ibold mit Trauer. Martin Warnke, der auch \u00fcber die Auschwitz-Prozesse in Frankfurt\/Main berichtete, hat das Warburg-Haus, das beim Erwerb durch den Hamburger Senat am 20. April 1995 v\u00f6llig leer stand, wieder als Forschungsstelle der Hamburger Universit\u00e4t eingerichtet und lange geleitet. Daf\u00fcr zeichnete ihn der Senat 2012 mit dem Aby Warburg Preis der Hansestadt aus. Mitautorin ist auch Karen Michels, die mit Martin Warnke das Haus wieder in seinen Urzustand bringen sollte, beispielsweise mit der M\u00f6blierung. Die promovierte Kunsthistorikerin f\u00fchrte Thies Ibold auf ungew\u00f6hnliche Spuren, beispielsweise zum Planetarium, dessen Einrichtung in einem alten Wasserturm Sterne-Liebhaber Aby Warburg ma\u00dfgeblich unterst\u00fctzte, zum V\u00f6lkerkunde-Museum \u201eMarkk\u201c, dem der Ethnologe Warburg 1902 seine Objektsammlung von den mexikanischen Hopi-Indianern schenkte, zum Bismarck-Denkmal, das er in einem Leserbrief karikierte, und zur Hapag Lloyd Reederei des Warburg-Freundes Max Ballin. Davon erz\u00e4hlt Thies Ibold mit einem spektakul\u00e4ren Foto vom Bug eines Schiffes, der mit seiner Form wiederum auf das Chilehaus verweist. Karen Michels schrieb 2007 das Buch \u201eAby Warburg \u2013 im Bannkreis der Ideen\u201c. Eine weitere Mitautorin ist die Israelin Hila Laviv aus Tel Aviv, eine Urenkelin Anna Warburgs, die 1938 auf dem Familiensitz Wei\u00dfes Haus, dem K\u00f6sterberg, lebte und dort vom NS-Regime bedr\u00e4ngten j\u00fcdischen Familien eine Bleibe gab. Sie emigrierte 1939 nach Schweden. Anna Warburg schrieb ein Erinnerungsbuch, das ihre Urenkelin verwahrt und in das Buch einband. Der K\u00f6sterberg war 2010 Drehort f\u00fcr die TV-Dokumentation \u201eDie Kinder von Blankenese\u201c \u00fcber Kinder, die die Schoa \u00fcberlebt hatten. Im Bannkreis der Ideen Aby Warburgs sieht sich auch Thies Ibold. Seit zw\u00f6lf Jahren begleitet er das Warburg-Haus-Team und Veranstaltungen in dem Haus mit der Kamera. \u201eAls der 150. Geburtstag Aby Warburgs mit einem Jubil\u00e4um meines Studios zusammenfiel, entstand die Idee einer freien fotografischen Arbeit \u00fcber das Haus\u201c, sagt Thies Ibold. Als erstes dokumentierte er Arbeit und Leben von Warburg-Gast-Professoren, darunter von Carlo Ginzburg und J\u00f6rg Jochen Berns, ebenfalls Mit-Autor des Buches. Als Arbeitsprodukte entstanden rasch Skizzen, Ideen-Sammlungen und vor allem immer wieder Detail-Aufnahmen von Ornamenten, Schr\u00e4nken, T\u00fcren, Lampen, Sichtachsen und der Umgebung des Hauses. Der Grafiker Thies Ibold setzte den Kreis versus Oval, das 115 Jahre alte Bibliothekssofa von Warburg-Freund Heinrich Sieveking, das in seinem Altonaer Atelier steht, zu Stuhlgeflechten. Er arbeitete immer wieder Relikte aus Warburgs wissenschaftlicher Arbeit ein, beispielsweise Sandro Botticellis Venus, \u00fcber die Aby Moritz Warburg in Stra\u00dfburg promovierte. Faszinierend konzipiert aber ist die durchgehende Lichtgestaltung von einem tiefen Schwarz am Buch-Anfang mit der schemenhaften Kuppel der Bibliothek, die er auf der folgenden Seite ins Licht kehrt, bis zur Planetenlaufbahn im Naturtheater auf dem K\u00f6sterberg, Warburgs letztem Wohnsitz, dessen Ellipsen-Ornamente er im Detail aufnimmt und immer heller werden l\u00e4sst \u2013 als Weg in die Zukunft. \u201eWir leben in einer Zeit, in der das Visuelle immer mehr an Bedeutung gewinnt. Umso interessanter ist daher heute eine Auseinandersetzung mit dem Denken Aby Warburgs, der Ikone der modernen Ikonologie. Georges Didi-Huberman kn\u00fcpft auf inspirierende Weise an Warburgs verzweigtes Denken in Bildern an. Im Schnittpunkt zwischen Kunstgeschichte, Philosophie, Politik und den visuellen Kulturwissenschaften z\u00e4hlt der aus Frankreich stammende Philosoph und Kunsthistoriker zu den international renommiertesten Denkern unserer Zeit\u201c, sagt Kultursenator Dr. Carsten Brosda, zur Preisverleihung. &nbsp;<strong>Verwandte im Geist<\/strong> \u201eLike Marcel Proust, Aby Warburg appeared to me not only as a great scholar of the past, but also as a great modern thinker, a thinker for the future. The memory for him was vital. Never dead, always linked to a desire. Reading Warburg \u2014 along with Siegmund Freud, Walter Benjamin and others \u2014, I tried to exceed the philology of his work towards a more philosophical approach. I tried to take his intuitions or methodological lessons for a possible future of this infinite discipline which is called iconology and must be understood as a historical anthropology of images\u201d, sagt Georges Didi-Huberman \u00fcber sein gro\u00dfes Vorbild Aby M. Warburg als Verwandten im Geist. Georges Didi-Huberman tr\u00e4gt in zahlreichen B\u00fcchern und Ausstellungen zur Aktualisierung von Aby Warburgs intellektuellem Verm\u00e4chtnis bei. Nicht nur in seiner Studie \u201eDas Nachleben der Bilder. Kunstgeschichte und Phantomzeit nach Aby Warburg\u201c, erschienen Berlin 2010, hat er die Auseinandersetzung mit Warburgs Werk auf neue und zeitgem\u00e4\u00dfe Grundlagen gestellt. Georges Didi-Huberman arbeitet wissenschaftshistorisch, wei\u00df sich aber auf h\u00f6chst geistesgegenw\u00e4rtige Weise Warburgs Verfahren anzueignen und daraus einen eigenen, unverwechselbaren Zugriff auf die Bildkultur zu entwickeln. &nbsp; Er forscht nicht nur \u00fcber Aby Warburg, er arbeitet auch wie sein gro\u00dfer j\u00fcdischhamburger Kollege \u2013 als ebenso geschichtsbewusster wie sensibler Beobachter der Kunstgeschichte und des aktuellen Bildgeschehens. Eindr\u00fccklich entfaltet hat er dies in seinen Forschungen zur Kunst der Renaissance, beispielsweise \u201eVor einem Bild\u201c, erschienen M\u00fcnchen 2000, oder zum Umgang mit den visuellen Zeugnissen des Holocaust in \u201eBilder trotz allem\u201c, M\u00fcnchen 2007. Seine Ausstellung und der Katalog \u201eUprisings\u201c, Paris 2016, f\u00fchren die Bildbeobachtung und -analyse in Hinblick auf die Bildmacht im Kontext der Fl\u00fcchtlingsdramatik bis ins heute weiter. Als Autor hat Georges Didi-Huberman die Neuw\u00fcrdigung von Warburgs Erbe ma\u00dfgeblich internationalisiert. Die \u00dcbersetzungen seiner Schriften in viele Sprachen ziehen einen Radius, der die auf Aby Warburg zur\u00fcckgehende Kulturwissenschaft zu einer globalen, geisteswissenschaftlichen Disziplin werden l\u00e4sst. Das enorme, auch internationale Interesse an Aby Warburg l\u00e4sst sich auch auf Didi-Hubermans ebenso wissenschaftlich fundierte wie bildkritisch wachsame Autorschaft zur\u00fcckf\u00fchren. Den Aby Warburg-Preis&nbsp; stiftete der Hamburger Senat 1979. Er wird seit 1980 alle vier Jahre verliehen und ist mit 25.000 Euro dotiert. Die Preistr\u00e4gerinnen und Preistr\u00e4ger sollen im Sinne Aby Warburgs Beispiel geben f\u00fcr ein Denken und Forschen, das wissenschaftliche Disziplinen miteinander verbindet und in der europ\u00e4ischen Kultur fundiert ist. Nachwuchswissenschaftlerinnen und -wissenschaftler erhalten ein Stipendium in H\u00f6he von 10.000 Euro. Zur Jury geh\u00f6rten neben Professor Dr. Bill Sherman, Professorin Dr. Sigrid Weigel als Preistr\u00e4gerin 2016, Professor Dr. Andreas Beyer, Professorin Dr. Margit Kern, Professorin Dr. Andrea Pinotti, Professorin Dr. Barbara Plankensteiner und Professorin Dr. Birgit Recki. Den Aby Warburg Preis erhielten bisher Sigrid Weigel, Martin Warnke, Werner Hofmann, Horst Bredekamp, Natalie Zemon Davis, Claude Levi-Strauss, Carlo Ginzburg, Michael Baxandall, Meyer Schapiro und Jan Bia\u0142ostocki. &nbsp; Das Buch <strong>A Warburg Workbook<\/strong> von Thies Ibold, Autor und Herausgeber, deutsch-englisch, 170 Seiten, durchgehend fotografiert, teils farbig, mit Texten, erschienen in der Edition Thies Ibold, ist bestellbar ab 39,90 Euro je nach Ausstattung unter <a href=\"http:\/\/a-warburg-workbook.org\/\">a-warburg-workbook.org<\/a> oder im Buchhandel.<\/p>\n\n\n\n<p class=\"has-text-align-center\">____________<\/p>\n\n\n\n<p><span style=\"color: #99cc00;\"><b><strong>Stimmen zum Buchprojekt \/ <em>Comments on the book project<\/em>&nbsp;A Warburg Workbook: <\/strong><span style=\"color: #000000;\">Horst Bredekamp &#8211;<\/span><\/b><span style=\"color: #000000;\"> Berlin, Humboldt-Universit\u00e4t<\/span><\/span><\/p>\n<p><span style=\"color: #99cc00;\">\u00bbLieber Herr Ibold, [&#8230;] und daher kann ich Ihnen sagen, wie sehr mich Ihre Publikation beeindruckt hat. Ein wirklich auratisches Dokument dieses Monumentes an Geist.\u00ab<\/span><\/p>\n<p><em><span style=\"color: #99cc00;\">\u00bbDear Mr Ibold, [&#8230;] and therefore I can tell you how much your publication impressed me. A truly auratic document of this monument to spirit.<i>\u00ab<\/i><\/span><\/em><\/p>\n\n\n\n<p class=\"has-text-align-center\">____________<\/p>\n\n\n\n<p>Rezension zum Buch \/ <em>Review of the book<\/em> <strong>A Warburg Workbook<\/strong> :<\/p>\n\n\n\n<figure class=\"wp-block-gallery columns-1 is-cropped wp-block-gallery-2 is-layout-flex wp-block-gallery-is-layout-flex\"><ul class=\"blocks-gallery-grid\"><li class=\"blocks-gallery-item\"><figure><img loading=\"lazy\" decoding=\"async\" width=\"737\" height=\"1024\" src=\"https:\/\/a-warburg-workbook.org\/wp-content\/uploads\/2021\/03\/210321-A-WaWoBo-@TAZnord05-03-2020p-737x1024.jpg\" alt=\"\" data-id=\"1611\" data-full-url=\"https:\/\/a-warburg-workbook.org\/wp-content\/uploads\/2021\/03\/210321-A-WaWoBo-@TAZnord05-03-2020p.jpg\" data-link=\"https:\/\/a-warburg-workbook.org\/reviews\/210321-a-wawobo-taznord05-03-2020p\" class=\"wp-image-1611\" srcset=\"http:\/\/a-warburg-workbook.org\/wp-content\/uploads\/2021\/03\/210321-A-WaWoBo-@TAZnord05-03-2020p-737x1024.jpg 737w, http:\/\/a-warburg-workbook.org\/wp-content\/uploads\/2021\/03\/210321-A-WaWoBo-@TAZnord05-03-2020p-216x300.jpg 216w, http:\/\/a-warburg-workbook.org\/wp-content\/uploads\/2021\/03\/210321-A-WaWoBo-@TAZnord05-03-2020p-768x1067.jpg 768w, http:\/\/a-warburg-workbook.org\/wp-content\/uploads\/2021\/03\/210321-A-WaWoBo-@TAZnord05-03-2020p-660x917.jpg 660w, http:\/\/a-warburg-workbook.org\/wp-content\/uploads\/2021\/03\/210321-A-WaWoBo-@TAZnord05-03-2020p.jpg 1020w\" sizes=\"auto, (max-width: 737px) 100vw, 737px\" \/><\/figure><\/li><\/ul><\/figure>\n\n\n\n<p><strong>Die Tageszeitung, <a href=\"https:\/\/taz.de\/Nord\">taz hamburg<\/a><\/strong> , Interview von Nathalie Haut mit Thies Ibold anl\u00e4sslich der Events im Museum f\u00fcr Kunst &amp; Gewerbe Hamburg, erschienen am 05. M\u00e4rz 2020 \/ <em>Review from: <strong>The Tageszeitung, taz hamburg,<\/strong> Interview by Nathalie Haut with Thies Ibold on the occasion of the events at the Museum f\u00fcr Kunst &amp; Gewerbe Hamburg, published on March 5th, 2020<\/em><\/p>\n\n\n\n<div class=\"wp-block-file\"><a href=\"https:\/\/a-warburg-workbook.org\/wp-content\/uploads\/2021\/03\/2020-A-WaWoBo-@TAZnord05-03-2020p.pdf\">2020 A-WaWoBo @TAZnord05-03-2020p<\/a><a href=\"https:\/\/a-warburg-workbook.org\/wp-content\/uploads\/2021\/03\/2020-A-WaWoBo-@TAZnord05-03-2020p.pdf\" class=\"wp-block-file__button\" download>Herunterladen<\/a><\/div>\n\n\n\n<p class=\"has-text-align-center\">____________<\/p>\n\n\n\n<p><span style=\"color: #99cc00;\"><strong>Stimmen zum Buchprojekt \/ <em>Comments on the bookproject<\/em>&nbsp;A Warburg Workbook:<\/strong> &nbsp;<span style=\"color: #000000;\"><strong>Jan Philipp Reemtsma &#8211; <\/strong>Hamburg,&nbsp;Germanist und Publizist<\/span><\/span><\/p>\n<p><span style=\"color: #99cc00;\">\u00bbJa, es ist ein wunderbares Buch geworden!\u00ab &nbsp;<\/span><\/p>\n<p><span style=\"color: #99cc00;\"><i><em>\u00bb<\/em>Yes, it turned out to be a wonderful book!<em>\u00ab<\/em><\/i><\/span><\/p>\n\n\n\n<p class=\"has-text-align-center\">____________<\/p>\n\n\n\n<p>Rezension zum Buch \/ <em>Review of the book<\/em> <strong>A Warburg Workbook<\/strong> :<\/p>\n\n\n\n<p><strong>Die Journalistin&nbsp;<strong>Tonia Christie<\/strong>&nbsp;hat ein ausf\u00fchrliches Interview mit Thies Ibold zu dem Buchprojekt A Warburg Workbook gef\u00fchrt und es auf ihrem Blog \u201cInnenleben und Au\u00dfenwelten\u201d ver\u00f6ffentlicht, siehe: https:\/\/www.toniachristie.de\/interviews\/ \/&nbsp;&nbsp;<em>The Journalist&nbsp;<strong>Tonia Christie<\/strong>&nbsp;conducted a detailed interview with Thies Ibold about the book project A Warburg Workbook and published it on her blog \u201cInner Life and Outside Worlds\u201d, see: https:\/\/www.toniachristie.de\/interviews\/<\/em><\/strong><\/p>\n\n\n\n<figure class=\"wp-block-gallery columns-1 is-cropped wp-block-gallery-3 is-layout-flex wp-block-gallery-is-layout-flex\"><ul class=\"blocks-gallery-grid\"><li class=\"blocks-gallery-item\"><figure><img loading=\"lazy\" decoding=\"async\" width=\"1024\" height=\"640\" src=\"https:\/\/a-warburg-workbook.org\/wp-content\/uploads\/2021\/04\/200502-ToniaWebFoto-1024x640.jpg\" alt=\"\" data-id=\"1860\" data-full-url=\"https:\/\/a-warburg-workbook.org\/wp-content\/uploads\/2021\/04\/200502-ToniaWebFoto.jpg\" data-link=\"https:\/\/a-warburg-workbook.org\/reviews\/200502-toniawebfoto-2\" class=\"wp-image-1860\" srcset=\"http:\/\/a-warburg-workbook.org\/wp-content\/uploads\/2021\/04\/200502-ToniaWebFoto-1024x640.jpg 1024w, http:\/\/a-warburg-workbook.org\/wp-content\/uploads\/2021\/04\/200502-ToniaWebFoto-300x187.jpg 300w, http:\/\/a-warburg-workbook.org\/wp-content\/uploads\/2021\/04\/200502-ToniaWebFoto-768x480.jpg 768w, http:\/\/a-warburg-workbook.org\/wp-content\/uploads\/2021\/04\/200502-ToniaWebFoto-660x412.jpg 660w, http:\/\/a-warburg-workbook.org\/wp-content\/uploads\/2021\/04\/200502-ToniaWebFoto.jpg 1361w\" sizes=\"auto, (max-width: 1024px) 100vw, 1024px\" \/><\/figure><\/li><\/ul><\/figure>\n\n\n\n<p class=\"has-text-align-center\">https:\/\/www.toniachristie.de\/interview-thies-ibold-a-warburg-workbook\/<\/p>\n\n\n\n<p class=\"has-text-align-center\">____________<\/p>\n\n\n\n<p><span style=\"color: #99cc00;\"><strong>Stimmen zum Buchprojekt \/ <em>Comments on the book project<\/em>&nbsp;A Warburg Workbook: <span style=\"color: #000000;\">Martin Warnke<\/span><\/strong><span style=\"color: #000000;\">&nbsp;&#8211; am 28. November 2019 in Halle a.d. Saale<\/span>&nbsp;&nbsp;<\/span><\/p>\n<p><span style=\"color: #99cc00;\">\u00bbDas Buch wird die Betrachtung des Warburg-Hauses neu ordnen und inspirieren. Es passt so gut in die Innovationskultur der Bibliothek Warburg.\u00ab &nbsp;<\/span><\/p>\n<p><span style=\"color: #99cc00;\"><i><em>\u00bb<\/em>The book will rearrange and inspire the view of the Warburg House. It fits so well into the innovation culture of the Warburg Library.<em>\u00ab<\/em><\/i><\/span><\/p>\n<p>Mit mit dem frisch fertig gestelltem Andruck von&nbsp;<strong>A Warburg Workbook<\/strong>&nbsp;zu Besuch am 28. November bei <strong>Martin Warnke<\/strong> (12. Oktober 1937 \u2013 11. Dezember 2019) in Halle an der Saale. Konzentrierte Durchsicht des Andrucks und detaillierte Kommentierung von Martin Warnke&nbsp;komplette 3 Stunden lang, danke! &nbsp;\/ &nbsp;<em>Visiting Martin Warnke (October 12, 1937 &#8211; December 11, 2019) in Halle an der Saale on November 28 with the freshly completed proof of A Warburg Workbook. Concentrated review of the proof and detailed commentary from Martin Warnke for 3 hours, thanks!<\/em><\/p>\n<p style=\"text-align: center;\">____________<\/p>\n\n\n\n<p>Rezension zum Buch \/ <em>Review of the book<\/em> <strong>A Warburg Workbook<\/strong> :<\/p>\n\n\n\n<figure class=\"wp-block-image size-large\"><img loading=\"lazy\" decoding=\"async\" width=\"1024\" height=\"256\" src=\"https:\/\/a-warburg-workbook.org\/wp-content\/uploads\/2021\/04\/200310-A-WaWoBo@Italia-engramma-it-1024x256.jpg\" alt=\"\" class=\"wp-image-1865\" srcset=\"http:\/\/a-warburg-workbook.org\/wp-content\/uploads\/2021\/04\/200310-A-WaWoBo@Italia-engramma-it-1024x256.jpg 1024w, http:\/\/a-warburg-workbook.org\/wp-content\/uploads\/2021\/04\/200310-A-WaWoBo@Italia-engramma-it-300x75.jpg 300w, http:\/\/a-warburg-workbook.org\/wp-content\/uploads\/2021\/04\/200310-A-WaWoBo@Italia-engramma-it-768x192.jpg 768w, http:\/\/a-warburg-workbook.org\/wp-content\/uploads\/2021\/04\/200310-A-WaWoBo@Italia-engramma-it-660x165.jpg 660w, http:\/\/a-warburg-workbook.org\/wp-content\/uploads\/2021\/04\/200310-A-WaWoBo@Italia-engramma-it.jpg 1134w\" sizes=\"auto, (max-width: 1024px) 100vw, 1024px\" \/><\/figure>\n\n\n\n<p><strong>A-WaWoBo @ Italia:<\/strong>&nbsp;A Warburg Workbook hat durch unseren Autoren&nbsp;<strong><a href=\"https:\/\/de.wikipedia.org\/wiki\/Salvatore_Settis\">Prof. Salvatore Settis<\/a><\/strong>&nbsp;aus Pisa l\u00e4ngst Italien erreicht,&nbsp;diesem aktuell durch COVID-19 so gebeutelten Land. Seiner sonst so lebensfreudigen Bev\u00f6lkerung gilt unser tiefes Mitgef\u00fchl. Erfreulich&nbsp;ist, dass die Thematik von A Warburg Workbook in wissenschaftlichen Zirkeln Italiens weiter kursiert,&nbsp;wie in&nbsp;<strong>www.engramma.it<\/strong>&nbsp;, wo&nbsp;<strong>Martin Warnke<\/strong>&nbsp;in Hochachtung und W\u00fcrde gedacht wird und unser Buch positiv Erw\u00e4hnung findet.&nbsp;\/&nbsp;<em><strong>A-WaWoBo @ Italia:<\/strong>&nbsp;A Warburg Workbook has long since reached Italy through our author&nbsp;<strong>Prof. Salvatore Settis<\/strong>&nbsp;from Pisa, this country currently shaken by COVID-19. Our deepest sympathy goes to his otherwise so joyful population. It is gratifying that the topic of A Warburg Workbook continues to circulate in scientific circles in Italy, such as in&nbsp;<strong>www.engramma.it<\/strong>, where&nbsp;<strong>Martin Warnke<\/strong>&nbsp;is considered with respect and dignity and where our book is mentioned positively.<\/em><\/p>\n\n\n\n<p>Full text is shown in Editoriale di ENGRAMMA n. 171: <a href=\"http:\/\/A-WaWoBo @ Italia: A Warburg Workbook hat durch unseren Autoren Prof. Salvatore Settis aus Pisa l\u00e4ngst Italien erreicht, diesem aktuell durch COVID-19 so gebeutelten Land. Seiner sonst so lebensfreudigen Bev\u00f6lkerung gilt unser tiefes Mitgef\u00fchl. Erfreulich ist, dass die Thematik von A Warburg Workbook in wissenschaftlichen Zirkeln Italiens weiter kursiert, wie in www.engramma.it , wo Martin Warnke in Hochachtung und W\u00fcrde gedacht wird und unser Buch positiv Erw\u00e4hnung findet. \/ A-WaWoBo @ Italia: A Warburg Workbook has long since reached Italy through our author Prof. Salvatore Settis from Pisa, this country currently shaken by COVID-19. Our deepest sympathy goes to his otherwise so joyful population. It is gratifying that the topic of A Warburg Workbook continues to circulate in scientific circles in Italy, such as in www.engramma.it, where Martin Warnke is considered with respect and dignity and where our book is mentioned positively.  Full text is shown in Editoriale di ENGRAMMA n. 171: www.engramma.it\/eOS\/index.php?id_articolo=3718 .  Quote: Segnaliamo intanto la pubblicazione di una Festschrift in suo onore, intitolata A Warburg Workbook, che contiene anche importanti documenti fotografici, pubblicata a cura di Thies Ibold, all\u2019inizio di dicembre 2019: a quanto ci hanno riferito Karen Michels e Salvatore Settis, che sono tra gli autori del volume, Martin \u00e8 arrivato a tempo a vedere la prima copia di questa pubblicazione in suo onore.\">www.engramma.it\/eOS\/index.php?id_articolo=3718<\/a> .<\/p>\n\n\n\n<p><strong><em>Quote:<\/em><\/strong>&nbsp;Segnaliamo intanto la pubblicazione di una&nbsp;<em>Festschrift<\/em>&nbsp;in suo onore, intitolata&nbsp;<em><a href=\"https:\/\/a-warburg-workbook.org\/\" target=\"_blank\" rel=\"noreferrer noopener\">A Warburg Workbook<\/a>,&nbsp;<\/em>che contiene anche importanti documenti fotografici, pubblicata a cura di Thies Ibold, all\u2019inizio di dicembre 2019: a quanto ci hanno riferito Karen Michels e Salvatore Settis, che sono tra gli autori del volume, Martin \u00e8 arrivato a tempo a vedere la prima copia di questa pubblicazione in suo onore.<\/p>\n\n\n\n<div class=\"wp-block-file\"><a href=\"https:\/\/a-warburg-workbook.org\/wp-content\/uploads\/2021\/04\/200310-A-WaWoBo@Italia-engramma-it.pdf\">200310-A-WaWoBo@Italia-engramma-it<\/a><a href=\"https:\/\/a-warburg-workbook.org\/wp-content\/uploads\/2021\/04\/200310-A-WaWoBo@Italia-engramma-it.pdf\" class=\"wp-block-file__button\" download>Herunterladen<\/a><\/div>\n\n\n\n<p class=\"has-text-align-center\">____________<\/p>\n\n\n\n<p><span style=\"color: #99cc00;\"><strong>Stimmen zum Buchprojekt \/ <em>Comments on the book project<\/em>&nbsp;A Warburg Workbook:<\/strong> <\/span><span style=\"color: #99cc00;\"><span style=\"color: #000000;\"><b>David Freedberg<\/b><i>&nbsp;&#8211;&nbsp;<\/i><\/span><i><span style=\"color: #000000;\">New York, Director The Warburg Institute London 2015-2017<\/span>&nbsp;<\/i><\/span><\/p>\n<p><span style=\"color: #99cc00;\"><em>\u00bbDear Thies, [&#8230;] how could one not wish to be part of your excellent and important project?!\u00ab<\/em><\/span><\/p>\n<p><span style=\"color: #99cc00;\">\u00bbLieber Thies, [&#8230;] wie k\u00f6nnte man nicht Teil Deines hervorragenden und wichtigen Projekts sein wollen ?!\u00ab<\/span><\/p>\n\n\n\n<p class=\"has-text-align-center\">____________<\/p>\n\n\n\n<p><strong><a href=\"https:\/\/www.juedische-allgemeine.de\">J\u00fcdische Allgemeine Berlin<\/a><\/strong> , Rezension Von Heike Linde-Lembke am 16. Januar 2020 \/ <em><strong>J\u00fcdische Allgemeine Berlin<\/strong>, review by Heike Linde-Lembke on January 16, 2020<\/em><\/p>\n\n\n\n<figure class=\"wp-block-image size-large\"><img loading=\"lazy\" decoding=\"async\" width=\"759\" height=\"1024\" src=\"https:\/\/a-warburg-workbook.org\/wp-content\/uploads\/2021\/03\/200116-A-WaWoBo@JuedischeAllgemeine72-1-759x1024.jpg\" alt=\"\" class=\"wp-image-1609\" srcset=\"http:\/\/a-warburg-workbook.org\/wp-content\/uploads\/2021\/03\/200116-A-WaWoBo@JuedischeAllgemeine72-1-759x1024.jpg 759w, http:\/\/a-warburg-workbook.org\/wp-content\/uploads\/2021\/03\/200116-A-WaWoBo@JuedischeAllgemeine72-1-222x300.jpg 222w, http:\/\/a-warburg-workbook.org\/wp-content\/uploads\/2021\/03\/200116-A-WaWoBo@JuedischeAllgemeine72-1-768x1036.jpg 768w, http:\/\/a-warburg-workbook.org\/wp-content\/uploads\/2021\/03\/200116-A-WaWoBo@JuedischeAllgemeine72-1-660x890.jpg 660w, http:\/\/a-warburg-workbook.org\/wp-content\/uploads\/2021\/03\/200116-A-WaWoBo@JuedischeAllgemeine72-1.jpg 1134w\" sizes=\"auto, (max-width: 759px) 100vw, 759px\" \/><\/figure>\n\n\n\n<div class=\"wp-block-file\"><a href=\"https:\/\/a-warburg-workbook.org\/wp-content\/uploads\/2021\/03\/2020-A-WaWoBo@JuedischeAllgemeine72.jpg\">2020-A-WaWoBo@JuedischeAllgemeine72<\/a><a href=\"https:\/\/a-warburg-workbook.org\/wp-content\/uploads\/2021\/03\/2020-A-WaWoBo@JuedischeAllgemeine72.jpg\" class=\"wp-block-file__button\" download>Herunterladen<\/a><\/div>\n\n\n\n<p class=\"has-text-align-center\">____________<\/p>\n\n\n\n<p><span style=\"color: #99cc00;\"><strong>Stimmen zum Buchprojekt \/ <em>Comments on the book project<\/em>&nbsp;A Warburg Workbook: <\/strong><\/span><span style=\"color: #000000;\"><b>Salvatore Settis &#8211;&nbsp;<\/b><i>Pisa, Aby-Warburg Professor University of Hamburg 1991<\/i><\/span><\/p>\n<p><em><span style=\"color: #99cc00;\">\u00bbThis book, A Warburg Workbook, will prompt its readers to think about Warburg\u2019s project s a whole: [&#8230;] a call to radically rethinking the ethical responsibility of research.\u00ab<\/span><\/em><\/p>\n<p><span style=\"color: #99cc00;\">\u00bbDieses Buch, A Warburg Workbook, wird seine Leser dazu anregen, \u00fcber das gesamte Projekt von Warburg neu nachzudenken: [&#8230;] es ist ein Aufruf, die ethische Verantwortung der Forschung radikal zu \u00fcberdenken.\u00ab<\/span><\/p>\n<p class=\"has-text-align-center\">____________<\/p>\n\n\n\n<figure class=\"wp-block-image size-large\"><img loading=\"lazy\" decoding=\"async\" width=\"1024\" height=\"522\" src=\"https:\/\/a-warburg-workbook.org\/wp-content\/uploads\/2021\/04\/2104-A-WaWoBa-Caps-100x50-72-1024x522.jpg\" alt=\"\" class=\"wp-image-1869\" srcset=\"http:\/\/a-warburg-workbook.org\/wp-content\/uploads\/2021\/04\/2104-A-WaWoBa-Caps-100x50-72-1024x522.jpg 1024w, http:\/\/a-warburg-workbook.org\/wp-content\/uploads\/2021\/04\/2104-A-WaWoBa-Caps-100x50-72-300x153.jpg 300w, http:\/\/a-warburg-workbook.org\/wp-content\/uploads\/2021\/04\/2104-A-WaWoBa-Caps-100x50-72-768x391.jpg 768w, http:\/\/a-warburg-workbook.org\/wp-content\/uploads\/2021\/04\/2104-A-WaWoBa-Caps-100x50-72-660x336.jpg 660w, http:\/\/a-warburg-workbook.org\/wp-content\/uploads\/2021\/04\/2104-A-WaWoBa-Caps-100x50-72.jpg 1417w\" sizes=\"auto, (max-width: 1024px) 100vw, 1024px\" \/><\/figure>\n\n\n\n<p><\/p>\n","protected":false},"excerpt":{"rendered":"<p>____________ Rezension zum Buch \/ Review of the book A Warburg Workbook : Zeitschrift des Vereins f\u00fcr Hamburgische Geschichte VHG,&hellip; <a class=\"read-more\" href=\"http:\/\/a-warburg-workbook.org\/news\/reviews\">Weiterlesen <span class=\"screen-reader-text\">REVIEWS<\/span><\/a><\/p>\n","protected":false},"author":1,"featured_media":0,"parent":0,"menu_order":0,"comment_status":"closed","ping_status":"closed","template":"","meta":{"ngg_post_thumbnail":0,"footnotes":""},"class_list":["post-825","page","type-page","status-publish","hentry"],"jetpack_sharing_enabled":true,"_links":{"self":[{"href":"http:\/\/a-warburg-workbook.org\/news\/wp-json\/wp\/v2\/pages\/825","targetHints":{"allow":["GET"]}}],"collection":[{"href":"http:\/\/a-warburg-workbook.org\/news\/wp-json\/wp\/v2\/pages"}],"about":[{"href":"http:\/\/a-warburg-workbook.org\/news\/wp-json\/wp\/v2\/types\/page"}],"author":[{"embeddable":true,"href":"http:\/\/a-warburg-workbook.org\/news\/wp-json\/wp\/v2\/users\/1"}],"replies":[{"embeddable":true,"href":"http:\/\/a-warburg-workbook.org\/news\/wp-json\/wp\/v2\/comments?post=825"}],"version-history":[{"count":79,"href":"http:\/\/a-warburg-workbook.org\/news\/wp-json\/wp\/v2\/pages\/825\/revisions"}],"predecessor-version":[{"id":4403,"href":"http:\/\/a-warburg-workbook.org\/news\/wp-json\/wp\/v2\/pages\/825\/revisions\/4403"}],"wp:attachment":[{"href":"http:\/\/a-warburg-workbook.org\/news\/wp-json\/wp\/v2\/media?parent=825"}],"curies":[{"name":"wp","href":"https:\/\/api.w.org\/{rel}","templated":true}]}}